{"id":7736,"date":"2025-05-27T23:55:40","date_gmt":"2025-05-27T21:55:40","guid":{"rendered":"https:\/\/www.iaph.es\/paisajes-culturales-conocimientos-tradicionales-cambio-climatico\/atlas\/verdeo-2\/"},"modified":"2025-05-30T23:10:42","modified_gmt":"2025-05-30T21:10:42","slug":"verdeo-2","status":"publish","type":"atlas","link":"https:\/\/www.iaph.es\/paisajes-culturales-conocimientos-tradicionales-cambio-climatico\/atlas\/verdeo-2\/","title":{"rendered":"Verdeo"},"content":{"rendered":"<p>A\u00fan cuando el verdeo hace referencia a la labor de recolecci\u00f3n de la aceituna de mesa, el t\u00e9rmino suele englobar a todos los procedimientos y las t\u00e9cnicas relacionadas con la preparaci\u00f3n de la aceituna de mesa, desde su recolecci\u00f3n hasta su transformaci\u00f3n. La aceituna de mesa se recoge verde, siendo tratada para su consumo como fruto.<br \/>\nLa campa\u00f1a del verdeo se realiza con anterioridad a la campa\u00f1a de recolecci\u00f3n de la aceituna destinada a la producci\u00f3n ole\u00edcola y, asimismo, se basa en t\u00e9cnicas y procedimientos muy distintos. Si bien en los olivares de Andaluc\u00eda las tareas relacionadas con la recolecci\u00f3n de la aceituna se han ido paulatinamente mecanizando, en la comarca de Mor\u00f3n-Marchena el verdeo se sigue realizando de manera artesanal. Esto se debe a que las variedades de aceitunas de mesa que mayoritariamente se cultivan en la zona, manzanilla sevillana y gordal, son frutos muy delicados, por lo que su recolecci\u00f3n mediante m\u00e1quina vibradora puede da\u00f1ar la c\u00e1scara del fruto perjudicando su caracter\u00edstico color verde brillante y con ello su valor comercial. Por esta raz\u00f3n, la cosecha de estas variedades de aceitunas se sigue realizando de forma manual casi en su totalidad, empleando la tradicional t\u00e9cnica del orde\u00f1o. Para evitar da\u00f1ar el fruto, adem\u00e1s, los trabajadores que recogen la aceituna, conocidos como \u00abcogedores\u00bb, se colocan guantes y forran el macaco, recipiente donde van depositando los frutos, con tela para evitar que el roce de la aceituna con el material del canasto da\u00f1e la c\u00e1scara. Los recolectores trabajan en parejas y est\u00e1n organizados en cuadrillas bajo la supervisi\u00f3n de un capataz, figura a la que en la zona se le conoce como \u00abmaniquero\u00bb. El n\u00famero de integrantes de una cuadrilla var\u00eda en funci\u00f3n de la extensi\u00f3n del olivar.<\/p>\n","protected":false},"featured_media":10040,"template":"","meta":{"_acf_changed":false},"ubicaciones":[221],"class_list":["post-7736","atlas","type-atlas","status-publish","has-post-thumbnail","hentry","ubicaciones-arahal"],"acf":[],"yoast_head":"<!-- This site is optimized with the Yoast SEO plugin v27.5 - https:\/\/yoast.com\/product\/yoast-seo-wordpress\/ -->\n<title>Verdeo - PACTO<\/title>\n<meta name=\"robots\" content=\"index, follow, max-snippet:-1, max-image-preview:large, max-video-preview:-1\" \/>\n<link rel=\"canonical\" href=\"https:\/\/www.iaph.es\/paisajes-culturales-conocimientos-tradicionales-cambio-climatico\/atlas\/verdeo-2\/\" \/>\n<meta property=\"og:locale\" content=\"es_ES\" \/>\n<meta property=\"og:type\" content=\"article\" \/>\n<meta property=\"og:title\" content=\"Verdeo - PACTO\" \/>\n<meta property=\"og:description\" content=\"A\u00fan cuando el verdeo hace referencia a la labor de recolecci\u00f3n de la aceituna de mesa, el t\u00e9rmino suele englobar a todos los procedimientos y las t\u00e9cnicas relacionadas con la preparaci\u00f3n de la aceituna de mesa, desde su recolecci\u00f3n hasta su transformaci\u00f3n. La aceituna de mesa se recoge verde, siendo tratada para su consumo como [&hellip;]\" \/>\n<meta property=\"og:url\" content=\"https:\/\/www.iaph.es\/paisajes-culturales-conocimientos-tradicionales-cambio-climatico\/atlas\/verdeo-2\/\" \/>\n<meta property=\"og:site_name\" content=\"PACTO\" \/>\n<meta property=\"article:modified_time\" content=\"2025-05-30T21:10:42+00:00\" \/>\n<meta property=\"og:image\" content=\"https:\/\/www.iaph.es\/paisajes-culturales-conocimientos-tradicionales-cambio-climatico\/wp-content\/uploads\/2025\/05\/ad3f7463-cbf9-4ed4-bb1f-b927b099d08b-fic-2.jpg\" \/>\n\t<meta property=\"og:image:width\" content=\"400\" \/>\n\t<meta property=\"og:image:height\" content=\"267\" \/>\n\t<meta property=\"og:image:type\" content=\"image\/jpeg\" \/>\n<meta name=\"twitter:card\" content=\"summary_large_image\" \/>\n<meta name=\"twitter:label1\" content=\"Tiempo de lectura\" \/>\n\t<meta name=\"twitter:data1\" content=\"2 minutos\" \/>\n<script type=\"application\/ld+json\" class=\"yoast-schema-graph\">{\"@context\":\"https:\\\/\\\/schema.org\",\"@graph\":[{\"@type\":\"WebPage\",\"@id\":\"https:\\\/\\\/www.iaph.es\\\/paisajes-culturales-conocimientos-tradicionales-cambio-climatico\\\/atlas\\\/verdeo-2\\\/\",\"url\":\"https:\\\/\\\/www.iaph.es\\\/paisajes-culturales-conocimientos-tradicionales-cambio-climatico\\\/atlas\\\/verdeo-2\\\/\",\"name\":\"Verdeo - PACTO\",\"isPartOf\":{\"@id\":\"https:\\\/\\\/www.iaph.es\\\/paisajes-culturales-conocimientos-tradicionales-cambio-climatico\\\/#website\"},\"primaryImageOfPage\":{\"@id\":\"https:\\\/\\\/www.iaph.es\\\/paisajes-culturales-conocimientos-tradicionales-cambio-climatico\\\/atlas\\\/verdeo-2\\\/#primaryimage\"},\"image\":{\"@id\":\"https:\\\/\\\/www.iaph.es\\\/paisajes-culturales-conocimientos-tradicionales-cambio-climatico\\\/atlas\\\/verdeo-2\\\/#primaryimage\"},\"thumbnailUrl\":\"https:\\\/\\\/www.iaph.es\\\/paisajes-culturales-conocimientos-tradicionales-cambio-climatico\\\/wp-content\\\/uploads\\\/2025\\\/05\\\/ad3f7463-cbf9-4ed4-bb1f-b927b099d08b-fic-2.jpg\",\"datePublished\":\"2025-05-27T21:55:40+00:00\",\"dateModified\":\"2025-05-30T21:10:42+00:00\",\"breadcrumb\":{\"@id\":\"https:\\\/\\\/www.iaph.es\\\/paisajes-culturales-conocimientos-tradicionales-cambio-climatico\\\/atlas\\\/verdeo-2\\\/#breadcrumb\"},\"inLanguage\":\"es\",\"potentialAction\":[{\"@type\":\"ReadAction\",\"target\":[\"https:\\\/\\\/www.iaph.es\\\/paisajes-culturales-conocimientos-tradicionales-cambio-climatico\\\/atlas\\\/verdeo-2\\\/\"]}]},{\"@type\":\"ImageObject\",\"inLanguage\":\"es\",\"@id\":\"https:\\\/\\\/www.iaph.es\\\/paisajes-culturales-conocimientos-tradicionales-cambio-climatico\\\/atlas\\\/verdeo-2\\\/#primaryimage\",\"url\":\"https:\\\/\\\/www.iaph.es\\\/paisajes-culturales-conocimientos-tradicionales-cambio-climatico\\\/wp-content\\\/uploads\\\/2025\\\/05\\\/ad3f7463-cbf9-4ed4-bb1f-b927b099d08b-fic-2.jpg\",\"contentUrl\":\"https:\\\/\\\/www.iaph.es\\\/paisajes-culturales-conocimientos-tradicionales-cambio-climatico\\\/wp-content\\\/uploads\\\/2025\\\/05\\\/ad3f7463-cbf9-4ed4-bb1f-b927b099d08b-fic-2.jpg\",\"width\":400,\"height\":267},{\"@type\":\"BreadcrumbList\",\"@id\":\"https:\\\/\\\/www.iaph.es\\\/paisajes-culturales-conocimientos-tradicionales-cambio-climatico\\\/atlas\\\/verdeo-2\\\/#breadcrumb\",\"itemListElement\":[{\"@type\":\"ListItem\",\"position\":1,\"name\":\"Portada\",\"item\":\"https:\\\/\\\/www.iaph.es\\\/paisajes-culturales-conocimientos-tradicionales-cambio-climatico\\\/\"},{\"@type\":\"ListItem\",\"position\":2,\"name\":\"Verdeo\"}]},{\"@type\":\"WebSite\",\"@id\":\"https:\\\/\\\/www.iaph.es\\\/paisajes-culturales-conocimientos-tradicionales-cambio-climatico\\\/#website\",\"url\":\"https:\\\/\\\/www.iaph.es\\\/paisajes-culturales-conocimientos-tradicionales-cambio-climatico\\\/\",\"name\":\"PACTO | Paisajes culturales, conocimientos tradicionales y cambio clim\u00e1tico\",\"description\":\"Paisajes culturales, conocimientos tradicionales y cambio clim\u00e1tico\",\"publisher\":{\"@id\":\"https:\\\/\\\/www.iaph.es\\\/paisajes-culturales-conocimientos-tradicionales-cambio-climatico\\\/#organization\"},\"alternateName\":\"PACTO\",\"potentialAction\":[{\"@type\":\"SearchAction\",\"target\":{\"@type\":\"EntryPoint\",\"urlTemplate\":\"https:\\\/\\\/www.iaph.es\\\/paisajes-culturales-conocimientos-tradicionales-cambio-climatico\\\/?s={search_term_string}\"},\"query-input\":{\"@type\":\"PropertyValueSpecification\",\"valueRequired\":true,\"valueName\":\"search_term_string\"}}],\"inLanguage\":\"es\"},{\"@type\":\"Organization\",\"@id\":\"https:\\\/\\\/www.iaph.es\\\/paisajes-culturales-conocimientos-tradicionales-cambio-climatico\\\/#organization\",\"name\":\"PACTO | Paisajes culturales, conocimientos tradicionales y cambio clim\u00e1tico\",\"alternateName\":\"PACTO\",\"url\":\"https:\\\/\\\/www.iaph.es\\\/paisajes-culturales-conocimientos-tradicionales-cambio-climatico\\\/\",\"logo\":{\"@type\":\"ImageObject\",\"inLanguage\":\"es\",\"@id\":\"https:\\\/\\\/www.iaph.es\\\/paisajes-culturales-conocimientos-tradicionales-cambio-climatico\\\/#\\\/schema\\\/logo\\\/image\\\/\",\"url\":\"https:\\\/\\\/www.iaph.es\\\/paisajes-culturales-conocimientos-tradicionales-cambio-climatico\\\/wp-content\\\/uploads\\\/2024\\\/10\\\/PACTO-logo-hor-full-small.png\",\"contentUrl\":\"https:\\\/\\\/www.iaph.es\\\/paisajes-culturales-conocimientos-tradicionales-cambio-climatico\\\/wp-content\\\/uploads\\\/2024\\\/10\\\/PACTO-logo-hor-full-small.png\",\"width\":1376,\"height\":200,\"caption\":\"PACTO | Paisajes culturales, conocimientos tradicionales y cambio clim\u00e1tico\"},\"image\":{\"@id\":\"https:\\\/\\\/www.iaph.es\\\/paisajes-culturales-conocimientos-tradicionales-cambio-climatico\\\/#\\\/schema\\\/logo\\\/image\\\/\"}}]}<\/script>\n<!-- \/ Yoast SEO plugin. -->","yoast_head_json":{"title":"Verdeo - PACTO","robots":{"index":"index","follow":"follow","max-snippet":"max-snippet:-1","max-image-preview":"max-image-preview:large","max-video-preview":"max-video-preview:-1"},"canonical":"https:\/\/www.iaph.es\/paisajes-culturales-conocimientos-tradicionales-cambio-climatico\/atlas\/verdeo-2\/","og_locale":"es_ES","og_type":"article","og_title":"Verdeo - PACTO","og_description":"A\u00fan cuando el verdeo hace referencia a la labor de recolecci\u00f3n de la aceituna de mesa, el t\u00e9rmino suele englobar a todos los procedimientos y las t\u00e9cnicas relacionadas con la preparaci\u00f3n de la aceituna de mesa, desde su recolecci\u00f3n hasta su transformaci\u00f3n. La aceituna de mesa se recoge verde, siendo tratada para su consumo como [&hellip;]","og_url":"https:\/\/www.iaph.es\/paisajes-culturales-conocimientos-tradicionales-cambio-climatico\/atlas\/verdeo-2\/","og_site_name":"PACTO","article_modified_time":"2025-05-30T21:10:42+00:00","og_image":[{"width":400,"height":267,"url":"https:\/\/www.iaph.es\/paisajes-culturales-conocimientos-tradicionales-cambio-climatico\/wp-content\/uploads\/2025\/05\/ad3f7463-cbf9-4ed4-bb1f-b927b099d08b-fic-2.jpg","type":"image\/jpeg"}],"twitter_card":"summary_large_image","twitter_misc":{"Tiempo de lectura":"2 minutos"},"schema":{"@context":"https:\/\/schema.org","@graph":[{"@type":"WebPage","@id":"https:\/\/www.iaph.es\/paisajes-culturales-conocimientos-tradicionales-cambio-climatico\/atlas\/verdeo-2\/","url":"https:\/\/www.iaph.es\/paisajes-culturales-conocimientos-tradicionales-cambio-climatico\/atlas\/verdeo-2\/","name":"Verdeo - PACTO","isPartOf":{"@id":"https:\/\/www.iaph.es\/paisajes-culturales-conocimientos-tradicionales-cambio-climatico\/#website"},"primaryImageOfPage":{"@id":"https:\/\/www.iaph.es\/paisajes-culturales-conocimientos-tradicionales-cambio-climatico\/atlas\/verdeo-2\/#primaryimage"},"image":{"@id":"https:\/\/www.iaph.es\/paisajes-culturales-conocimientos-tradicionales-cambio-climatico\/atlas\/verdeo-2\/#primaryimage"},"thumbnailUrl":"https:\/\/www.iaph.es\/paisajes-culturales-conocimientos-tradicionales-cambio-climatico\/wp-content\/uploads\/2025\/05\/ad3f7463-cbf9-4ed4-bb1f-b927b099d08b-fic-2.jpg","datePublished":"2025-05-27T21:55:40+00:00","dateModified":"2025-05-30T21:10:42+00:00","breadcrumb":{"@id":"https:\/\/www.iaph.es\/paisajes-culturales-conocimientos-tradicionales-cambio-climatico\/atlas\/verdeo-2\/#breadcrumb"},"inLanguage":"es","potentialAction":[{"@type":"ReadAction","target":["https:\/\/www.iaph.es\/paisajes-culturales-conocimientos-tradicionales-cambio-climatico\/atlas\/verdeo-2\/"]}]},{"@type":"ImageObject","inLanguage":"es","@id":"https:\/\/www.iaph.es\/paisajes-culturales-conocimientos-tradicionales-cambio-climatico\/atlas\/verdeo-2\/#primaryimage","url":"https:\/\/www.iaph.es\/paisajes-culturales-conocimientos-tradicionales-cambio-climatico\/wp-content\/uploads\/2025\/05\/ad3f7463-cbf9-4ed4-bb1f-b927b099d08b-fic-2.jpg","contentUrl":"https:\/\/www.iaph.es\/paisajes-culturales-conocimientos-tradicionales-cambio-climatico\/wp-content\/uploads\/2025\/05\/ad3f7463-cbf9-4ed4-bb1f-b927b099d08b-fic-2.jpg","width":400,"height":267},{"@type":"BreadcrumbList","@id":"https:\/\/www.iaph.es\/paisajes-culturales-conocimientos-tradicionales-cambio-climatico\/atlas\/verdeo-2\/#breadcrumb","itemListElement":[{"@type":"ListItem","position":1,"name":"Portada","item":"https:\/\/www.iaph.es\/paisajes-culturales-conocimientos-tradicionales-cambio-climatico\/"},{"@type":"ListItem","position":2,"name":"Verdeo"}]},{"@type":"WebSite","@id":"https:\/\/www.iaph.es\/paisajes-culturales-conocimientos-tradicionales-cambio-climatico\/#website","url":"https:\/\/www.iaph.es\/paisajes-culturales-conocimientos-tradicionales-cambio-climatico\/","name":"PACTO | Paisajes culturales, conocimientos tradicionales y cambio clim\u00e1tico","description":"Paisajes culturales, conocimientos tradicionales y cambio clim\u00e1tico","publisher":{"@id":"https:\/\/www.iaph.es\/paisajes-culturales-conocimientos-tradicionales-cambio-climatico\/#organization"},"alternateName":"PACTO","potentialAction":[{"@type":"SearchAction","target":{"@type":"EntryPoint","urlTemplate":"https:\/\/www.iaph.es\/paisajes-culturales-conocimientos-tradicionales-cambio-climatico\/?s={search_term_string}"},"query-input":{"@type":"PropertyValueSpecification","valueRequired":true,"valueName":"search_term_string"}}],"inLanguage":"es"},{"@type":"Organization","@id":"https:\/\/www.iaph.es\/paisajes-culturales-conocimientos-tradicionales-cambio-climatico\/#organization","name":"PACTO | Paisajes culturales, conocimientos tradicionales y cambio clim\u00e1tico","alternateName":"PACTO","url":"https:\/\/www.iaph.es\/paisajes-culturales-conocimientos-tradicionales-cambio-climatico\/","logo":{"@type":"ImageObject","inLanguage":"es","@id":"https:\/\/www.iaph.es\/paisajes-culturales-conocimientos-tradicionales-cambio-climatico\/#\/schema\/logo\/image\/","url":"https:\/\/www.iaph.es\/paisajes-culturales-conocimientos-tradicionales-cambio-climatico\/wp-content\/uploads\/2024\/10\/PACTO-logo-hor-full-small.png","contentUrl":"https:\/\/www.iaph.es\/paisajes-culturales-conocimientos-tradicionales-cambio-climatico\/wp-content\/uploads\/2024\/10\/PACTO-logo-hor-full-small.png","width":1376,"height":200,"caption":"PACTO | Paisajes culturales, conocimientos tradicionales y cambio clim\u00e1tico"},"image":{"@id":"https:\/\/www.iaph.es\/paisajes-culturales-conocimientos-tradicionales-cambio-climatico\/#\/schema\/logo\/image\/"}}]}},"_links":{"self":[{"href":"https:\/\/www.iaph.es\/paisajes-culturales-conocimientos-tradicionales-cambio-climatico\/wp-json\/wp\/v2\/atlas\/7736","targetHints":{"allow":["GET"]}}],"collection":[{"href":"https:\/\/www.iaph.es\/paisajes-culturales-conocimientos-tradicionales-cambio-climatico\/wp-json\/wp\/v2\/atlas"}],"about":[{"href":"https:\/\/www.iaph.es\/paisajes-culturales-conocimientos-tradicionales-cambio-climatico\/wp-json\/wp\/v2\/types\/atlas"}],"wp:featuredmedia":[{"embeddable":true,"href":"https:\/\/www.iaph.es\/paisajes-culturales-conocimientos-tradicionales-cambio-climatico\/wp-json\/wp\/v2\/media\/10040"}],"wp:attachment":[{"href":"https:\/\/www.iaph.es\/paisajes-culturales-conocimientos-tradicionales-cambio-climatico\/wp-json\/wp\/v2\/media?parent=7736"}],"wp:term":[{"taxonomy":"ubicaciones","embeddable":true,"href":"https:\/\/www.iaph.es\/paisajes-culturales-conocimientos-tradicionales-cambio-climatico\/wp-json\/wp\/v2\/ubicaciones?post=7736"}],"curies":[{"name":"wp","href":"https:\/\/api.w.org\/{rel}","templated":true}]}}