{"id":7759,"date":"2025-05-28T00:30:37","date_gmt":"2025-05-27T22:30:37","guid":{"rendered":"https:\/\/www.iaph.es\/paisajes-culturales-conocimientos-tradicionales-cambio-climatico\/atlas\/vinicultura\/"},"modified":"2025-05-30T23:11:07","modified_gmt":"2025-05-30T21:11:07","slug":"vinicultura","status":"publish","type":"atlas","link":"https:\/\/www.iaph.es\/paisajes-culturales-conocimientos-tradicionales-cambio-climatico\/atlas\/vinicultura\/","title":{"rendered":"Vinicultura"},"content":{"rendered":"<p>La actividad vitivin\u00edcola ha tenido un papel central en la comarca de la Sierra Norte, concretamente en los t\u00e9rminos municipales de Constantina y Cazalla de la Sierra hasta principios del siglo XX, favoreciendo la producci\u00f3n de vino y mosto y contribuyendo sustancialmente a la configuraci\u00f3n de un paisaje caracterizado por grandes caser\u00edos construidos pr\u00f3ximos al \u00e1rea de cultivo de la vid y organizados alrededor del lagar, espacio que albergaba la prensa de viga para prensar la uva, de los cuales quedan todav\u00eda testimonios. <\/p>\n<p>La importancia de los caldos de esta zona es documentada desde el per\u00edodo musulm\u00e1n. El auge que alcanz\u00f3 el cultivo de la vid impuls\u00f3 adem\u00e1s el surgimiento de numerosas f\u00e1bricas para la destilaci\u00f3n de anisados, como forma de aprovechar los excedentes de la producci\u00f3n vin\u00edcola. Ser\u00e1 a fines del siglo XIX, tras la llegada de diversas epidemias, cuando el cultivo de la vid entra en una profunda crisis, mermando la producci\u00f3n hasta el 50% de su volumen y afectando mayoritariamente a los peque\u00f1os propietarios. Los cultivos de la vid ser\u00e1n paulatinamente remplazados por el olivar, que si bien no se impondr\u00e1 como monocultivo estricto, suplantar\u00e1 la importancia de la vinicultura para la econom\u00eda local. A pesar de que hoy en d\u00eda el vi\u00f1edo represente un cultivo marginal, existen en el territorio peque\u00f1as bodegas y, en menor medida, explotaciones familiares que han apostado por perpetuar la larga tradici\u00f3n vitivin\u00edcola de la zona, procurando respetar las t\u00e9cnicas tradicionales de producci\u00f3n de vino y complement\u00e1ndola con la introducci\u00f3n de t\u00e9cnicas m\u00e1s modernas.<\/p>\n<p>Una de estas explotaciones es la Bodega La Margarita, nueva empresa familiar que busca recuperar el patrimonio enol\u00f3gico de la zona, quedando al mismo tiempo abierta a experimentar con nuevos productos. Cuenta, anexos a la vivienda, con un lagar y el vi\u00f1edo que pertenec\u00eda antiguamente al Pago el Zancudo, el cual reun\u00eda diversas finjas por una extensi\u00f3n de m\u00e1s de cien hect\u00e1reas. All\u00ed se instal\u00f3 la Bodega M\u00e1rquez, que luego fue adquirida por otro vinicultor, hasta ser comprada por el actual propietario. Restaurado el inmueble y reparada y adquirida maquinaria, hoy d\u00eda se encarga de la producci\u00f3n de mosto desde el cultivo de vi\u00f1as, vendimia y prensado y fermentado del vino para su comercializaci\u00f3n a nivel local.<\/p>\n","protected":false},"featured_media":10064,"template":"","meta":{"_acf_changed":false},"ubicaciones":[142],"class_list":["post-7759","atlas","type-atlas","status-publish","has-post-thumbnail","hentry","ubicaciones-constantina"],"acf":[],"yoast_head":"<!-- This site is optimized with the Yoast SEO plugin v27.5 - https:\/\/yoast.com\/product\/yoast-seo-wordpress\/ -->\n<title>Vinicultura - PACTO<\/title>\n<meta name=\"robots\" content=\"index, follow, max-snippet:-1, max-image-preview:large, max-video-preview:-1\" \/>\n<link rel=\"canonical\" href=\"https:\/\/www.iaph.es\/paisajes-culturales-conocimientos-tradicionales-cambio-climatico\/atlas\/vinicultura\/\" \/>\n<meta property=\"og:locale\" content=\"es_ES\" \/>\n<meta property=\"og:type\" content=\"article\" \/>\n<meta property=\"og:title\" content=\"Vinicultura - PACTO\" \/>\n<meta property=\"og:description\" content=\"La actividad vitivin\u00edcola ha tenido un papel central en la comarca de la Sierra Norte, concretamente en los t\u00e9rminos municipales de Constantina y Cazalla de la Sierra hasta principios del siglo XX, favoreciendo la producci\u00f3n de vino y mosto y contribuyendo sustancialmente a la configuraci\u00f3n de un paisaje caracterizado por grandes caser\u00edos construidos pr\u00f3ximos al [&hellip;]\" \/>\n<meta property=\"og:url\" content=\"https:\/\/www.iaph.es\/paisajes-culturales-conocimientos-tradicionales-cambio-climatico\/atlas\/vinicultura\/\" \/>\n<meta property=\"og:site_name\" content=\"PACTO\" \/>\n<meta property=\"article:modified_time\" content=\"2025-05-30T21:11:07+00:00\" \/>\n<meta property=\"og:image\" content=\"https:\/\/www.iaph.es\/paisajes-culturales-conocimientos-tradicionales-cambio-climatico\/wp-content\/uploads\/2025\/05\/eee9054f-4ad1-4629-999c-586861092729-fic-1.jpg\" \/>\n\t<meta property=\"og:image:width\" content=\"400\" \/>\n\t<meta property=\"og:image:height\" content=\"267\" \/>\n\t<meta property=\"og:image:type\" content=\"image\/jpeg\" \/>\n<meta name=\"twitter:card\" content=\"summary_large_image\" \/>\n<meta name=\"twitter:label1\" content=\"Tiempo de lectura\" \/>\n\t<meta name=\"twitter:data1\" content=\"2 minutos\" \/>\n<script type=\"application\/ld+json\" class=\"yoast-schema-graph\">{\"@context\":\"https:\\\/\\\/schema.org\",\"@graph\":[{\"@type\":\"WebPage\",\"@id\":\"https:\\\/\\\/www.iaph.es\\\/paisajes-culturales-conocimientos-tradicionales-cambio-climatico\\\/atlas\\\/vinicultura\\\/\",\"url\":\"https:\\\/\\\/www.iaph.es\\\/paisajes-culturales-conocimientos-tradicionales-cambio-climatico\\\/atlas\\\/vinicultura\\\/\",\"name\":\"Vinicultura - PACTO\",\"isPartOf\":{\"@id\":\"https:\\\/\\\/www.iaph.es\\\/paisajes-culturales-conocimientos-tradicionales-cambio-climatico\\\/#website\"},\"primaryImageOfPage\":{\"@id\":\"https:\\\/\\\/www.iaph.es\\\/paisajes-culturales-conocimientos-tradicionales-cambio-climatico\\\/atlas\\\/vinicultura\\\/#primaryimage\"},\"image\":{\"@id\":\"https:\\\/\\\/www.iaph.es\\\/paisajes-culturales-conocimientos-tradicionales-cambio-climatico\\\/atlas\\\/vinicultura\\\/#primaryimage\"},\"thumbnailUrl\":\"https:\\\/\\\/www.iaph.es\\\/paisajes-culturales-conocimientos-tradicionales-cambio-climatico\\\/wp-content\\\/uploads\\\/2025\\\/05\\\/eee9054f-4ad1-4629-999c-586861092729-fic-1.jpg\",\"datePublished\":\"2025-05-27T22:30:37+00:00\",\"dateModified\":\"2025-05-30T21:11:07+00:00\",\"breadcrumb\":{\"@id\":\"https:\\\/\\\/www.iaph.es\\\/paisajes-culturales-conocimientos-tradicionales-cambio-climatico\\\/atlas\\\/vinicultura\\\/#breadcrumb\"},\"inLanguage\":\"es\",\"potentialAction\":[{\"@type\":\"ReadAction\",\"target\":[\"https:\\\/\\\/www.iaph.es\\\/paisajes-culturales-conocimientos-tradicionales-cambio-climatico\\\/atlas\\\/vinicultura\\\/\"]}]},{\"@type\":\"ImageObject\",\"inLanguage\":\"es\",\"@id\":\"https:\\\/\\\/www.iaph.es\\\/paisajes-culturales-conocimientos-tradicionales-cambio-climatico\\\/atlas\\\/vinicultura\\\/#primaryimage\",\"url\":\"https:\\\/\\\/www.iaph.es\\\/paisajes-culturales-conocimientos-tradicionales-cambio-climatico\\\/wp-content\\\/uploads\\\/2025\\\/05\\\/eee9054f-4ad1-4629-999c-586861092729-fic-1.jpg\",\"contentUrl\":\"https:\\\/\\\/www.iaph.es\\\/paisajes-culturales-conocimientos-tradicionales-cambio-climatico\\\/wp-content\\\/uploads\\\/2025\\\/05\\\/eee9054f-4ad1-4629-999c-586861092729-fic-1.jpg\",\"width\":400,\"height\":267},{\"@type\":\"BreadcrumbList\",\"@id\":\"https:\\\/\\\/www.iaph.es\\\/paisajes-culturales-conocimientos-tradicionales-cambio-climatico\\\/atlas\\\/vinicultura\\\/#breadcrumb\",\"itemListElement\":[{\"@type\":\"ListItem\",\"position\":1,\"name\":\"Portada\",\"item\":\"https:\\\/\\\/www.iaph.es\\\/paisajes-culturales-conocimientos-tradicionales-cambio-climatico\\\/\"},{\"@type\":\"ListItem\",\"position\":2,\"name\":\"Vinicultura\"}]},{\"@type\":\"WebSite\",\"@id\":\"https:\\\/\\\/www.iaph.es\\\/paisajes-culturales-conocimientos-tradicionales-cambio-climatico\\\/#website\",\"url\":\"https:\\\/\\\/www.iaph.es\\\/paisajes-culturales-conocimientos-tradicionales-cambio-climatico\\\/\",\"name\":\"PACTO | Paisajes culturales, conocimientos tradicionales y cambio clim\u00e1tico\",\"description\":\"Paisajes culturales, conocimientos tradicionales y cambio clim\u00e1tico\",\"publisher\":{\"@id\":\"https:\\\/\\\/www.iaph.es\\\/paisajes-culturales-conocimientos-tradicionales-cambio-climatico\\\/#organization\"},\"alternateName\":\"PACTO\",\"potentialAction\":[{\"@type\":\"SearchAction\",\"target\":{\"@type\":\"EntryPoint\",\"urlTemplate\":\"https:\\\/\\\/www.iaph.es\\\/paisajes-culturales-conocimientos-tradicionales-cambio-climatico\\\/?s={search_term_string}\"},\"query-input\":{\"@type\":\"PropertyValueSpecification\",\"valueRequired\":true,\"valueName\":\"search_term_string\"}}],\"inLanguage\":\"es\"},{\"@type\":\"Organization\",\"@id\":\"https:\\\/\\\/www.iaph.es\\\/paisajes-culturales-conocimientos-tradicionales-cambio-climatico\\\/#organization\",\"name\":\"PACTO | Paisajes culturales, conocimientos tradicionales y cambio clim\u00e1tico\",\"alternateName\":\"PACTO\",\"url\":\"https:\\\/\\\/www.iaph.es\\\/paisajes-culturales-conocimientos-tradicionales-cambio-climatico\\\/\",\"logo\":{\"@type\":\"ImageObject\",\"inLanguage\":\"es\",\"@id\":\"https:\\\/\\\/www.iaph.es\\\/paisajes-culturales-conocimientos-tradicionales-cambio-climatico\\\/#\\\/schema\\\/logo\\\/image\\\/\",\"url\":\"https:\\\/\\\/www.iaph.es\\\/paisajes-culturales-conocimientos-tradicionales-cambio-climatico\\\/wp-content\\\/uploads\\\/2024\\\/10\\\/PACTO-logo-hor-full-small.png\",\"contentUrl\":\"https:\\\/\\\/www.iaph.es\\\/paisajes-culturales-conocimientos-tradicionales-cambio-climatico\\\/wp-content\\\/uploads\\\/2024\\\/10\\\/PACTO-logo-hor-full-small.png\",\"width\":1376,\"height\":200,\"caption\":\"PACTO | Paisajes culturales, conocimientos tradicionales y cambio clim\u00e1tico\"},\"image\":{\"@id\":\"https:\\\/\\\/www.iaph.es\\\/paisajes-culturales-conocimientos-tradicionales-cambio-climatico\\\/#\\\/schema\\\/logo\\\/image\\\/\"}}]}<\/script>\n<!-- \/ Yoast SEO plugin. -->","yoast_head_json":{"title":"Vinicultura - PACTO","robots":{"index":"index","follow":"follow","max-snippet":"max-snippet:-1","max-image-preview":"max-image-preview:large","max-video-preview":"max-video-preview:-1"},"canonical":"https:\/\/www.iaph.es\/paisajes-culturales-conocimientos-tradicionales-cambio-climatico\/atlas\/vinicultura\/","og_locale":"es_ES","og_type":"article","og_title":"Vinicultura - PACTO","og_description":"La actividad vitivin\u00edcola ha tenido un papel central en la comarca de la Sierra Norte, concretamente en los t\u00e9rminos municipales de Constantina y Cazalla de la Sierra hasta principios del siglo XX, favoreciendo la producci\u00f3n de vino y mosto y contribuyendo sustancialmente a la configuraci\u00f3n de un paisaje caracterizado por grandes caser\u00edos construidos pr\u00f3ximos al [&hellip;]","og_url":"https:\/\/www.iaph.es\/paisajes-culturales-conocimientos-tradicionales-cambio-climatico\/atlas\/vinicultura\/","og_site_name":"PACTO","article_modified_time":"2025-05-30T21:11:07+00:00","og_image":[{"width":400,"height":267,"url":"https:\/\/www.iaph.es\/paisajes-culturales-conocimientos-tradicionales-cambio-climatico\/wp-content\/uploads\/2025\/05\/eee9054f-4ad1-4629-999c-586861092729-fic-1.jpg","type":"image\/jpeg"}],"twitter_card":"summary_large_image","twitter_misc":{"Tiempo de lectura":"2 minutos"},"schema":{"@context":"https:\/\/schema.org","@graph":[{"@type":"WebPage","@id":"https:\/\/www.iaph.es\/paisajes-culturales-conocimientos-tradicionales-cambio-climatico\/atlas\/vinicultura\/","url":"https:\/\/www.iaph.es\/paisajes-culturales-conocimientos-tradicionales-cambio-climatico\/atlas\/vinicultura\/","name":"Vinicultura - PACTO","isPartOf":{"@id":"https:\/\/www.iaph.es\/paisajes-culturales-conocimientos-tradicionales-cambio-climatico\/#website"},"primaryImageOfPage":{"@id":"https:\/\/www.iaph.es\/paisajes-culturales-conocimientos-tradicionales-cambio-climatico\/atlas\/vinicultura\/#primaryimage"},"image":{"@id":"https:\/\/www.iaph.es\/paisajes-culturales-conocimientos-tradicionales-cambio-climatico\/atlas\/vinicultura\/#primaryimage"},"thumbnailUrl":"https:\/\/www.iaph.es\/paisajes-culturales-conocimientos-tradicionales-cambio-climatico\/wp-content\/uploads\/2025\/05\/eee9054f-4ad1-4629-999c-586861092729-fic-1.jpg","datePublished":"2025-05-27T22:30:37+00:00","dateModified":"2025-05-30T21:11:07+00:00","breadcrumb":{"@id":"https:\/\/www.iaph.es\/paisajes-culturales-conocimientos-tradicionales-cambio-climatico\/atlas\/vinicultura\/#breadcrumb"},"inLanguage":"es","potentialAction":[{"@type":"ReadAction","target":["https:\/\/www.iaph.es\/paisajes-culturales-conocimientos-tradicionales-cambio-climatico\/atlas\/vinicultura\/"]}]},{"@type":"ImageObject","inLanguage":"es","@id":"https:\/\/www.iaph.es\/paisajes-culturales-conocimientos-tradicionales-cambio-climatico\/atlas\/vinicultura\/#primaryimage","url":"https:\/\/www.iaph.es\/paisajes-culturales-conocimientos-tradicionales-cambio-climatico\/wp-content\/uploads\/2025\/05\/eee9054f-4ad1-4629-999c-586861092729-fic-1.jpg","contentUrl":"https:\/\/www.iaph.es\/paisajes-culturales-conocimientos-tradicionales-cambio-climatico\/wp-content\/uploads\/2025\/05\/eee9054f-4ad1-4629-999c-586861092729-fic-1.jpg","width":400,"height":267},{"@type":"BreadcrumbList","@id":"https:\/\/www.iaph.es\/paisajes-culturales-conocimientos-tradicionales-cambio-climatico\/atlas\/vinicultura\/#breadcrumb","itemListElement":[{"@type":"ListItem","position":1,"name":"Portada","item":"https:\/\/www.iaph.es\/paisajes-culturales-conocimientos-tradicionales-cambio-climatico\/"},{"@type":"ListItem","position":2,"name":"Vinicultura"}]},{"@type":"WebSite","@id":"https:\/\/www.iaph.es\/paisajes-culturales-conocimientos-tradicionales-cambio-climatico\/#website","url":"https:\/\/www.iaph.es\/paisajes-culturales-conocimientos-tradicionales-cambio-climatico\/","name":"PACTO | Paisajes culturales, conocimientos tradicionales y cambio clim\u00e1tico","description":"Paisajes culturales, conocimientos tradicionales y cambio clim\u00e1tico","publisher":{"@id":"https:\/\/www.iaph.es\/paisajes-culturales-conocimientos-tradicionales-cambio-climatico\/#organization"},"alternateName":"PACTO","potentialAction":[{"@type":"SearchAction","target":{"@type":"EntryPoint","urlTemplate":"https:\/\/www.iaph.es\/paisajes-culturales-conocimientos-tradicionales-cambio-climatico\/?s={search_term_string}"},"query-input":{"@type":"PropertyValueSpecification","valueRequired":true,"valueName":"search_term_string"}}],"inLanguage":"es"},{"@type":"Organization","@id":"https:\/\/www.iaph.es\/paisajes-culturales-conocimientos-tradicionales-cambio-climatico\/#organization","name":"PACTO | Paisajes culturales, conocimientos tradicionales y cambio clim\u00e1tico","alternateName":"PACTO","url":"https:\/\/www.iaph.es\/paisajes-culturales-conocimientos-tradicionales-cambio-climatico\/","logo":{"@type":"ImageObject","inLanguage":"es","@id":"https:\/\/www.iaph.es\/paisajes-culturales-conocimientos-tradicionales-cambio-climatico\/#\/schema\/logo\/image\/","url":"https:\/\/www.iaph.es\/paisajes-culturales-conocimientos-tradicionales-cambio-climatico\/wp-content\/uploads\/2024\/10\/PACTO-logo-hor-full-small.png","contentUrl":"https:\/\/www.iaph.es\/paisajes-culturales-conocimientos-tradicionales-cambio-climatico\/wp-content\/uploads\/2024\/10\/PACTO-logo-hor-full-small.png","width":1376,"height":200,"caption":"PACTO | Paisajes culturales, conocimientos tradicionales y cambio clim\u00e1tico"},"image":{"@id":"https:\/\/www.iaph.es\/paisajes-culturales-conocimientos-tradicionales-cambio-climatico\/#\/schema\/logo\/image\/"}}]}},"_links":{"self":[{"href":"https:\/\/www.iaph.es\/paisajes-culturales-conocimientos-tradicionales-cambio-climatico\/wp-json\/wp\/v2\/atlas\/7759","targetHints":{"allow":["GET"]}}],"collection":[{"href":"https:\/\/www.iaph.es\/paisajes-culturales-conocimientos-tradicionales-cambio-climatico\/wp-json\/wp\/v2\/atlas"}],"about":[{"href":"https:\/\/www.iaph.es\/paisajes-culturales-conocimientos-tradicionales-cambio-climatico\/wp-json\/wp\/v2\/types\/atlas"}],"wp:featuredmedia":[{"embeddable":true,"href":"https:\/\/www.iaph.es\/paisajes-culturales-conocimientos-tradicionales-cambio-climatico\/wp-json\/wp\/v2\/media\/10064"}],"wp:attachment":[{"href":"https:\/\/www.iaph.es\/paisajes-culturales-conocimientos-tradicionales-cambio-climatico\/wp-json\/wp\/v2\/media?parent=7759"}],"wp:term":[{"taxonomy":"ubicaciones","embeddable":true,"href":"https:\/\/www.iaph.es\/paisajes-culturales-conocimientos-tradicionales-cambio-climatico\/wp-json\/wp\/v2\/ubicaciones?post=7759"}],"curies":[{"name":"wp","href":"https:\/\/api.w.org\/{rel}","templated":true}]}}