{"id":1111,"date":"2025-01-28T00:00:49","date_gmt":"2025-01-28T00:00:49","guid":{"rendered":"https:\/\/www.iaph.es\/patrimonioygenero\/?page_id=1111"},"modified":"2025-01-28T00:08:17","modified_gmt":"2025-01-28T00:08:17","slug":"biblioteca-humana","status":"publish","type":"page","link":"https:\/\/www.iaph.es\/patrimonioygenero\/biblioteca-humana\/","title":{"rendered":"Biblioteca Humana"},"content":{"rendered":"\t\t<div data-elementor-type=\"wp-post\" data-elementor-id=\"1111\" class=\"elementor elementor-1111\" data-elementor-post-type=\"page\">\n\t\t\t\t<div class=\"elementor-element elementor-element-b065cd3 e-con-full mainbanner e-flex e-con e-parent\" data-id=\"b065cd3\" data-element_type=\"container\" data-e-type=\"container\" data-settings=\"{&quot;background_background&quot;:&quot;classic&quot;}\">\n\t\t<div class=\"elementor-element elementor-element-6cbb2f8 e-flex e-con-boxed e-con e-child\" data-id=\"6cbb2f8\" data-element_type=\"container\" data-e-type=\"container\">\n\t\t\t\t\t<div class=\"e-con-inner\">\n\t\t<div class=\"elementor-element elementor-element-a88054e e-flex e-con-boxed e-con e-child\" data-id=\"a88054e\" data-element_type=\"container\" data-e-type=\"container\">\n\t\t\t\t\t<div class=\"e-con-inner\">\n\t\t\t\t<div class=\"elementor-element elementor-element-50879f2 titulo1 elementor-widget elementor-widget-heading\" data-id=\"50879f2\" data-element_type=\"widget\" data-e-type=\"widget\" data-widget_type=\"heading.default\">\n\t\t\t\t<div class=\"elementor-widget-container\">\n\t\t\t\t\t<h1 class=\"elementor-heading-title elementor-size-default\">Biblioteca<\/h1>\t\t\t\t<\/div>\n\t\t\t\t<\/div>\n\t\t\t\t<div class=\"elementor-element elementor-element-09ee2fe titulo2 elementor-widget elementor-widget-heading\" data-id=\"09ee2fe\" data-element_type=\"widget\" data-e-type=\"widget\" data-widget_type=\"heading.default\">\n\t\t\t\t<div class=\"elementor-widget-container\">\n\t\t\t\t\t<h2 class=\"elementor-heading-title elementor-size-default\">Humana<\/h2>\t\t\t\t<\/div>\n\t\t\t\t<\/div>\n\t\t\t\t\t<\/div>\n\t\t\t\t<\/div>\n\t\t<div class=\"elementor-element elementor-element-696870b e-con-full e-flex e-con e-child\" data-id=\"696870b\" data-element_type=\"container\" data-e-type=\"container\">\n\t\t\t\t<\/div>\n\t\t\t\t\t<\/div>\n\t\t\t\t<\/div>\n\t\t\t\t<\/div>\n\t\t<div class=\"elementor-element elementor-element-4d2fc93 e-flex e-con-boxed e-con e-parent\" data-id=\"4d2fc93\" data-element_type=\"container\" data-e-type=\"container\" id=\"sobre\">\n\t\t\t\t\t<div class=\"e-con-inner\">\n\t\t<div class=\"elementor-element elementor-element-490412c e-flex e-con-boxed e-con e-child\" data-id=\"490412c\" data-element_type=\"container\" data-e-type=\"container\">\n\t\t\t\t\t<div class=\"e-con-inner\">\n\t\t\t\t<div class=\"elementor-element elementor-element-facac6a elementor-widget-divider--view-line elementor-widget elementor-widget-divider\" data-id=\"facac6a\" data-element_type=\"widget\" data-e-type=\"widget\" data-widget_type=\"divider.default\">\n\t\t\t\t<div class=\"elementor-widget-container\">\n\t\t\t\t\t\t\t<div class=\"elementor-divider\">\n\t\t\t<span class=\"elementor-divider-separator\">\n\t\t\t\t\t\t<\/span>\n\t\t<\/div>\n\t\t\t\t\t\t<\/div>\n\t\t\t\t<\/div>\n\t\t\t\t<div class=\"elementor-element elementor-element-af1e874 elementor-widget__width-initial elementor-widget elementor-widget-heading\" data-id=\"af1e874\" data-element_type=\"widget\" data-e-type=\"widget\" data-widget_type=\"heading.default\">\n\t\t\t\t<div class=\"elementor-widget-container\">\n\t\t\t\t\t<h2 class=\"elementor-heading-title elementor-size-default\">Biblioteca humana: una herramienta para la recogida de patrimonio inmateri<\/h2>\t\t\t\t<\/div>\n\t\t\t\t<\/div>\n\t\t\t\t<div class=\"elementor-element elementor-element-0fe85ae elementor-widget elementor-widget-heading\" data-id=\"0fe85ae\" data-element_type=\"widget\" data-e-type=\"widget\" data-widget_type=\"heading.default\">\n\t\t\t\t<div class=\"elementor-widget-container\">\n\t\t\t\t\t<h3 class=\"elementor-heading-title elementor-size-default\">Algunos apuntes sobre Biblioteca Humana<\/h3>\t\t\t\t<\/div>\n\t\t\t\t<\/div>\n\t\t<div class=\"elementor-element elementor-element-fd1a6c2 e-con-full e-flex e-con e-child\" data-id=\"fd1a6c2\" data-element_type=\"container\" data-e-type=\"container\">\n\t\t<div class=\"elementor-element elementor-element-4194d00 e-con-full e-flex e-con e-child\" data-id=\"4194d00\" data-element_type=\"container\" data-e-type=\"container\">\n\t\t<div class=\"elementor-element elementor-element-b7ee499 e-flex e-con-boxed e-con e-child\" data-id=\"b7ee499\" data-element_type=\"container\" data-e-type=\"container\">\n\t\t\t\t\t<div class=\"e-con-inner\">\n\t\t\t\t<div class=\"elementor-element elementor-element-6d34891 elementor-widget elementor-widget-image\" data-id=\"6d34891\" data-element_type=\"widget\" data-e-type=\"widget\" data-widget_type=\"image.default\">\n\t\t\t\t<div class=\"elementor-widget-container\">\n\t\t\t\t\t\t\t\t\t\t\t\t\t\t\t<img fetchpriority=\"high\" decoding=\"async\" width=\"800\" height=\"533\" src=\"https:\/\/www.iaph.es\/patrimonioygenero\/wp-content\/uploads\/2025\/01\/010_atusojosmivoz_IAPH_BIBLIOTECAH-1024x682.jpg\" class=\"attachment-large size-large wp-image-1115\" alt=\"\" srcset=\"https:\/\/www.iaph.es\/patrimonioygenero\/wp-content\/uploads\/2025\/01\/010_atusojosmivoz_IAPH_BIBLIOTECAH-1024x682.jpg 1024w, https:\/\/www.iaph.es\/patrimonioygenero\/wp-content\/uploads\/2025\/01\/010_atusojosmivoz_IAPH_BIBLIOTECAH-300x200.jpg 300w, https:\/\/www.iaph.es\/patrimonioygenero\/wp-content\/uploads\/2025\/01\/010_atusojosmivoz_IAPH_BIBLIOTECAH-768x512.jpg 768w, https:\/\/www.iaph.es\/patrimonioygenero\/wp-content\/uploads\/2025\/01\/010_atusojosmivoz_IAPH_BIBLIOTECAH.jpg 1418w\" sizes=\"(max-width: 800px) 100vw, 800px\" \/>\t\t\t\t\t\t\t\t\t\t\t\t\t\t\t<\/div>\n\t\t\t\t<\/div>\n\t\t\t\t<div class=\"elementor-element elementor-element-38d6101 elementor-widget elementor-widget-text-editor\" data-id=\"38d6101\" data-element_type=\"widget\" data-e-type=\"widget\" data-widget_type=\"text-editor.default\">\n\t\t\t\t<div class=\"elementor-widget-container\">\n\t\t\t\t\t\t\t\t\t<p class=\"p1\"><span class=\"s1\">La Biblioteca Humana es una metodolog\u00eda que, a trav\u00e9s del respeto mutuo y el cuidado por la dignidad humana, promueve el acercamiento y la convivencia entre las personas. Esto es cierto para las personas que ejercen el rol de lectores, libros y el organizador por igual.<\/span><\/p><p class=\"p1\"><span class=\"s1\"><b>\u00bfComo funciona una biblioteca humana? <\/b>Los usuarios acceden a ella y consultan su cat\u00e1logo y en lugar de encontrar libros tradicionales hallar\u00e1n personas con historias que contar y con las que se podr\u00e1n sentar cara a cara durante un tiempo establecido, no solo para escuchar sino para dialogar.<\/span><\/p>\t\t\t\t\t\t\t\t<\/div>\n\t\t\t\t<\/div>\n\t\t\t\t\t<\/div>\n\t\t\t\t<\/div>\n\t\t\t\t<\/div>\n\t\t<div class=\"elementor-element elementor-element-b4811dc e-con-full e-flex e-con e-child\" data-id=\"b4811dc\" data-element_type=\"container\" data-e-type=\"container\">\n\t\t\t\t<div class=\"elementor-element elementor-element-37e166a elementor-widget elementor-widget-text-editor\" data-id=\"37e166a\" data-element_type=\"widget\" data-e-type=\"widget\" data-widget_type=\"text-editor.default\">\n\t\t\t\t<div class=\"elementor-widget-container\">\n\t\t\t\t\t\t\t\t\t<p class=\"p1\"><span class=\"s1\"><b>\u00bfPor qu\u00e9 biblioteca humana en un proyecto como \u201c A tus ojos mi voz\u201d ? <\/b>Porque con esta actividad se completar\u00edan objetivos de acciones de car\u00e1cter comunicativo en distintos \u00e1mbitos que el programa tiene abiertos, como la lucha contra todo g\u00e9nero de exclusi\u00f3n y a favor de la igualdad. Porque el uso de Biblioteca Humana acerca a las personas y ese elemento es indispensable en la acci\u00f3n diaria y en su formaci\u00f3n de una ciudadan\u00eda futura. Porque al ser una metodolog\u00eda a\u00fan de reciente aplicaci\u00f3n, el proyecto \u201c a tus ojos mi voz\u201d podr\u00eda convertirse en al utilizarla y sistematizarla en sus pr\u00e1cticas en un referente. Porque el propio nombre del proyecto, indica lo que ocurre en las acciones de Biblioteca Humana, ante nuestros ojos aparece la persona, a trav\u00e9s de su voz.<\/span><\/p>\t\t\t\t\t\t\t\t<\/div>\n\t\t\t\t<\/div>\n\t\t\t\t<div class=\"elementor-element elementor-element-fbda0d0 elementor-widget elementor-widget-image\" data-id=\"fbda0d0\" data-element_type=\"widget\" data-e-type=\"widget\" data-widget_type=\"image.default\">\n\t\t\t\t<div class=\"elementor-widget-container\">\n\t\t\t\t\t\t\t\t\t\t\t\t\t\t\t<img decoding=\"async\" width=\"800\" height=\"533\" src=\"https:\/\/www.iaph.es\/patrimonioygenero\/wp-content\/uploads\/2025\/01\/06_atusojosmivoz_IAPH-102_EXPOMOLINO-1024x682.jpg\" class=\"attachment-large size-large wp-image-1114\" alt=\"\" srcset=\"https:\/\/www.iaph.es\/patrimonioygenero\/wp-content\/uploads\/2025\/01\/06_atusojosmivoz_IAPH-102_EXPOMOLINO-1024x682.jpg 1024w, https:\/\/www.iaph.es\/patrimonioygenero\/wp-content\/uploads\/2025\/01\/06_atusojosmivoz_IAPH-102_EXPOMOLINO-300x200.jpg 300w, https:\/\/www.iaph.es\/patrimonioygenero\/wp-content\/uploads\/2025\/01\/06_atusojosmivoz_IAPH-102_EXPOMOLINO-768x512.jpg 768w, https:\/\/www.iaph.es\/patrimonioygenero\/wp-content\/uploads\/2025\/01\/06_atusojosmivoz_IAPH-102_EXPOMOLINO.jpg 1418w\" sizes=\"(max-width: 800px) 100vw, 800px\" \/>\t\t\t\t\t\t\t\t\t\t\t\t\t\t\t<\/div>\n\t\t\t\t<\/div>\n\t\t\t\t<\/div>\n\t\t\t\t<\/div>\n\t\t\t\t\t<\/div>\n\t\t\t\t<\/div>\n\t\t\t\t\t<\/div>\n\t\t\t\t<\/div>\n\t\t<div class=\"elementor-element elementor-element-2a6de8a e-flex e-con-boxed e-con e-parent\" data-id=\"2a6de8a\" data-element_type=\"container\" data-e-type=\"container\" data-settings=\"{&quot;background_background&quot;:&quot;classic&quot;}\">\n\t\t\t\t\t<div class=\"e-con-inner\">\n\t\t\t\t<div class=\"elementor-element elementor-element-15bb0acd elementor-widget-divider--view-line elementor-widget elementor-widget-divider\" data-id=\"15bb0acd\" data-element_type=\"widget\" data-e-type=\"widget\" data-widget_type=\"divider.default\">\n\t\t\t\t<div class=\"elementor-widget-container\">\n\t\t\t\t\t\t\t<div class=\"elementor-divider\">\n\t\t\t<span class=\"elementor-divider-separator\">\n\t\t\t\t\t\t<\/span>\n\t\t<\/div>\n\t\t\t\t\t\t<\/div>\n\t\t\t\t<\/div>\n\t\t\t\t<div class=\"elementor-element elementor-element-872c206 elementor-invisible elementor-widget elementor-widget-heading\" data-id=\"872c206\" data-element_type=\"widget\" data-e-type=\"widget\" data-settings=\"{&quot;_animation&quot;:&quot;slideInLeft&quot;}\" data-widget_type=\"heading.default\">\n\t\t\t\t<div class=\"elementor-widget-container\">\n\t\t\t\t\t<h2 class=\"elementor-heading-title elementor-size-default\">Descripci\u00f3n de la propuesta<\/h2>\t\t\t\t<\/div>\n\t\t\t\t<\/div>\n\t\t<div class=\"elementor-element elementor-element-85d01f1 e-con-full e-flex e-con e-child\" data-id=\"85d01f1\" data-element_type=\"container\" data-e-type=\"container\">\n\t\t\t\t<div class=\"elementor-element elementor-element-679d24a3 elementor-widget__width-initial elementor-widget elementor-widget-text-editor\" data-id=\"679d24a3\" data-element_type=\"widget\" data-e-type=\"widget\" data-widget_type=\"text-editor.default\">\n\t\t\t\t<div class=\"elementor-widget-container\">\n\t\t\t\t\t\t\t\t\t<p class=\"p1\"><span class=\"s1\">A partir del proyecto formativo y de intervenci\u00f3n comunitaria, la propuesta estar\u00eda encaminada a la formaci\u00f3n y desarrollo de una red de voluntariado compuesto por agentes comunitarios capaz de desarrollar e incorporar mediante distintas acciones la metodolog\u00eda de Biblioteca Humana.<\/span><\/p>\n<p class=\"p1\"><span class=\"s1\">La propuesta formativa estar\u00eda compuesta de varias acciones que concluir\u00edan con una acci\u00f3n final abierta a toda la poblaci\u00f3n. Las fases ser\u00edan las siguientes.<\/span><\/p>\t\t\t\t\t\t\t\t<\/div>\n\t\t\t\t<\/div>\n\t\t\t\t<div class=\"elementor-element elementor-element-c3cbab4 elementor-widget elementor-widget-image\" data-id=\"c3cbab4\" data-element_type=\"widget\" data-e-type=\"widget\" data-widget_type=\"image.default\">\n\t\t\t\t<div class=\"elementor-widget-container\">\n\t\t\t\t\t\t\t\t\t\t\t\t\t\t\t<img decoding=\"async\" width=\"800\" height=\"533\" src=\"https:\/\/www.iaph.es\/patrimonioygenero\/wp-content\/uploads\/2025\/01\/015_atusojosmivoz_IAPH-102_EXPOMOLINO-1024x682.jpg\" class=\"attachment-large size-large wp-image-1117\" alt=\"\" srcset=\"https:\/\/www.iaph.es\/patrimonioygenero\/wp-content\/uploads\/2025\/01\/015_atusojosmivoz_IAPH-102_EXPOMOLINO-1024x682.jpg 1024w, https:\/\/www.iaph.es\/patrimonioygenero\/wp-content\/uploads\/2025\/01\/015_atusojosmivoz_IAPH-102_EXPOMOLINO-300x200.jpg 300w, https:\/\/www.iaph.es\/patrimonioygenero\/wp-content\/uploads\/2025\/01\/015_atusojosmivoz_IAPH-102_EXPOMOLINO-768x512.jpg 768w, https:\/\/www.iaph.es\/patrimonioygenero\/wp-content\/uploads\/2025\/01\/015_atusojosmivoz_IAPH-102_EXPOMOLINO.jpg 1418w\" sizes=\"(max-width: 800px) 100vw, 800px\" \/>\t\t\t\t\t\t\t\t\t\t\t\t\t\t\t<\/div>\n\t\t\t\t<\/div>\n\t\t\t\t<\/div>\n\t\t<div class=\"elementor-element elementor-element-8115c36 e-con-full e-flex e-con e-child\" data-id=\"8115c36\" data-element_type=\"container\" data-e-type=\"container\">\n\t\t\t\t<div class=\"elementor-element elementor-element-96b7dec elementor-widget elementor-widget-heading\" data-id=\"96b7dec\" data-element_type=\"widget\" data-e-type=\"widget\" data-widget_type=\"heading.default\">\n\t\t\t\t<div class=\"elementor-widget-container\">\n\t\t\t\t\t<h3 class=\"elementor-heading-title elementor-size-default\">Acciones desarrolladas<\/h3>\t\t\t\t<\/div>\n\t\t\t\t<\/div>\n\t\t\t\t<div class=\"elementor-element elementor-element-c852d75 elementor-widget__width-initial elementor-widget elementor-widget-text-editor\" data-id=\"c852d75\" data-element_type=\"widget\" data-e-type=\"widget\" data-widget_type=\"text-editor.default\">\n\t\t\t\t<div class=\"elementor-widget-container\">\n\t\t\t\t\t\t\t\t\t<p class=\"p1\"><span class=\"s1\">Las acciones desarrolladas fueron enfocadas a la formaci\u00f3n del grupo de personas informantes en metodolog\u00eda de biblioteca humana.<span class=\"Apple-converted-space\">\u00a0 <\/span>El proyecto estaba compuesto de varias acciones que concluir\u00edan con una acci\u00f3n final abierta a toda la poblaci\u00f3n. Las fases fueron<span class=\"Apple-converted-space\">\u00a0 <\/span>las siguientes:<\/span><\/p><p class=\"p1\"><span class=\"s1\"><b>1\u00ba \u2192 Presentaci\u00f3n:<\/b> con la idea de extender el concepto y difundir las posibilidades del trabajo con metodolog\u00eda de Biblioteca Humana en los lugares y contextos de las informantes, 2 grupos en Sevilla capital en los entornos de la f\u00e1brica textil de Hytasa, y en el mundo de la cer\u00e1mica y la f\u00e1brica de \u201c la Pickman &#8211; Cartuja de Sevilla \u201d , y otros dos colectivos en Estepa yb Lora del r\u00edo, las mujeres Olivareras<span class=\"Apple-converted-space\">\u00a0 <\/span>y las mantecaeras. <\/span><\/p><p class=\"p1\"><span class=\"s1\">Estructurada en una sesi\u00f3n, no necesitaba ning\u00fan conocimiento previo y se dise\u00f1\u00f3<span class=\"Apple-converted-space\">\u00a0 <\/span>como un primer contacto para todos aquellos agentes que trabajan en el proceso de vida laboral de mujeres en procesos productivos.<\/span><\/p><p class=\"p1\"><span class=\"s1\"><b>2\u00ba \u2192 Curso de formaci\u00f3n:<\/b> con la idea de profundizar y desarrollar las posibilidades del trabajo con metodolog\u00eda de Biblioteca Humana con grupos espec\u00edficos. Estructurado en varias sesiones ( dependiendo del n\u00famero de asistentes) con una duraci\u00f3n de 2 horas por sesi\u00f3n, conformar\u00eda por si un plan de formaci\u00f3n completo que permitir\u00eda a todos aquellos agentes que trabajan en el proyecto,<span class=\"Apple-converted-space\">\u00a0 <\/span>la utilizaci\u00f3n de la metodolog\u00eda y la implantaci\u00f3n de eventos de Biblioteca Humana. El enfoque de estas acciones formativas fue la preparaci\u00f3n de un evento de Biblioteca Humana abierto a toda la ciudadan\u00eda que podr\u00eda celebrarse en una fecha se\u00f1alada como ocurri\u00f3, utilizando la fecha de celebraci\u00f3n del d\u00eda de la lectura de Andaluc\u00eda, el 16 de diciembre.\u00a0<\/span><\/p><p class=\"p1\"><span class=\"s1\"><b>3\u00ba &#8211; Celebraci\u00f3n de evento de Biblioteca Humana:<\/b> a modo de acci\u00f3n de calle, se organizaron en las instalaciones y en la biblioteca del IAPH, dos eventos. Uno de Biblioteca Humana en el lugar elegido abierto a toda la poblaci\u00f3n y a modo de jornada de puertas abiertas con un car\u00e1cter festivo y de comunicaci\u00f3n y divulgaci\u00f3n, desarrollado en la biblioteca del propio IAPH. Y otra actividad que permaneci\u00f3 durante varios d\u00edas, consistente en una exposici\u00f3n fotogr\u00e1fica realizada a las informantes, que adem\u00e1s conten\u00eda un c\u00f3digo QR que daba acceso a las historias de las que hab\u00edan sido autoras en la Biblioteca Humana.<\/span><\/p>\t\t\t\t\t\t\t\t<\/div>\n\t\t\t\t<\/div>\n\t\t\t\t<\/div>\n\t\t<div class=\"elementor-element elementor-element-d402575 e-con-full e-flex e-con e-child\" data-id=\"d402575\" data-element_type=\"container\" data-e-type=\"container\">\n\t\t\t\t<div class=\"elementor-element elementor-element-e4b51bb elementor-widget elementor-widget-gallery\" data-id=\"e4b51bb\" data-element_type=\"widget\" data-e-type=\"widget\" data-settings=\"{&quot;gallery_layout&quot;:&quot;masonry&quot;,&quot;lazyload&quot;:&quot;yes&quot;,&quot;columns&quot;:4,&quot;columns_tablet&quot;:2,&quot;columns_mobile&quot;:1,&quot;gap&quot;:{&quot;unit&quot;:&quot;px&quot;,&quot;size&quot;:10,&quot;sizes&quot;:[]},&quot;gap_widescreen&quot;:{&quot;unit&quot;:&quot;px&quot;,&quot;size&quot;:&quot;&quot;,&quot;sizes&quot;:[]},&quot;gap_laptop&quot;:{&quot;unit&quot;:&quot;px&quot;,&quot;size&quot;:10,&quot;sizes&quot;:[]},&quot;gap_tablet&quot;:{&quot;unit&quot;:&quot;px&quot;,&quot;size&quot;:10,&quot;sizes&quot;:[]},&quot;gap_mobile&quot;:{&quot;unit&quot;:&quot;px&quot;,&quot;size&quot;:10,&quot;sizes&quot;:[]},&quot;link_to&quot;:&quot;file&quot;,&quot;overlay_background&quot;:&quot;yes&quot;,&quot;content_hover_animation&quot;:&quot;fade-in&quot;}\" data-widget_type=\"gallery.default\">\n\t\t\t\t<div class=\"elementor-widget-container\">\n\t\t\t\t\t\t\t<div class=\"elementor-gallery__container\">\n\t\t\t\t\t\t\t<a class=\"e-gallery-item elementor-gallery-item elementor-animated-content\" href=\"https:\/\/www.iaph.es\/patrimonioygenero\/wp-content\/uploads\/2025\/01\/06_atusojosmivoz_IAPH_BIBLIOTECAH.jpg\" data-elementor-open-lightbox=\"yes\" data-elementor-lightbox-slideshow=\"e4b51bb\" data-elementor-lightbox-title=\"06_atusojosmivoz_IAPH_BIBLIOTECAH\" data-e-action-hash=\"#elementor-action%3Aaction%3Dlightbox%26settings%3DeyJpZCI6MTExMywidXJsIjoiaHR0cHM6XC9cL3d3dy5pYXBoLmVzXC9wYXRyaW1vbmlveWdlbmVyb1wvd3AtY29udGVudFwvdXBsb2Fkc1wvMjAyNVwvMDFcLzA2X2F0dXNvam9zbWl2b3pfSUFQSF9CSUJMSU9URUNBSC5qcGciLCJzbGlkZXNob3ciOiJlNGI1MWJiIn0%3D\">\n\t\t\t\t\t<div class=\"e-gallery-image elementor-gallery-item__image\" data-thumbnail=\"https:\/\/www.iaph.es\/patrimonioygenero\/wp-content\/uploads\/2025\/01\/06_atusojosmivoz_IAPH_BIBLIOTECAH-300x200.jpg\" data-width=\"300\" data-height=\"200\" aria-label=\"\" role=\"img\" ><\/div>\n\t\t\t\t\t\t\t\t\t\t\t<div class=\"elementor-gallery-item__overlay\"><\/div>\n\t\t\t\t\t\t\t\t\t\t\t\t\t\t<\/a>\n\t\t\t\t\t\t\t<a class=\"e-gallery-item elementor-gallery-item elementor-animated-content\" href=\"https:\/\/www.iaph.es\/patrimonioygenero\/wp-content\/uploads\/2025\/01\/010_atusojosmivoz_IAPH_BIBLIOTECAH.jpg\" data-elementor-open-lightbox=\"yes\" data-elementor-lightbox-slideshow=\"e4b51bb\" data-elementor-lightbox-title=\"010_atusojosmivoz_IAPH_BIBLIOTECAH\" data-e-action-hash=\"#elementor-action%3Aaction%3Dlightbox%26settings%3DeyJpZCI6MTExNSwidXJsIjoiaHR0cHM6XC9cL3d3dy5pYXBoLmVzXC9wYXRyaW1vbmlveWdlbmVyb1wvd3AtY29udGVudFwvdXBsb2Fkc1wvMjAyNVwvMDFcLzAxMF9hdHVzb2pvc21pdm96X0lBUEhfQklCTElPVEVDQUguanBnIiwic2xpZGVzaG93IjoiZTRiNTFiYiJ9\">\n\t\t\t\t\t<div class=\"e-gallery-image elementor-gallery-item__image\" data-thumbnail=\"https:\/\/www.iaph.es\/patrimonioygenero\/wp-content\/uploads\/2025\/01\/010_atusojosmivoz_IAPH_BIBLIOTECAH-300x200.jpg\" data-width=\"300\" data-height=\"200\" aria-label=\"\" role=\"img\" ><\/div>\n\t\t\t\t\t\t\t\t\t\t\t<div class=\"elementor-gallery-item__overlay\"><\/div>\n\t\t\t\t\t\t\t\t\t\t\t\t\t\t<\/a>\n\t\t\t\t\t\t\t<a class=\"e-gallery-item elementor-gallery-item elementor-animated-content\" href=\"https:\/\/www.iaph.es\/patrimonioygenero\/wp-content\/uploads\/2025\/01\/016_atusojosmivoz_IAPH-Vestibulo.jpg\" data-elementor-open-lightbox=\"yes\" data-elementor-lightbox-slideshow=\"e4b51bb\" data-elementor-lightbox-title=\"016_atusojosmivoz_IAPH-Vestibulo\" data-e-action-hash=\"#elementor-action%3Aaction%3Dlightbox%26settings%3DeyJpZCI6MTExOCwidXJsIjoiaHR0cHM6XC9cL3d3dy5pYXBoLmVzXC9wYXRyaW1vbmlveWdlbmVyb1wvd3AtY29udGVudFwvdXBsb2Fkc1wvMjAyNVwvMDFcLzAxNl9hdHVzb2pvc21pdm96X0lBUEgtVmVzdGlidWxvLmpwZyIsInNsaWRlc2hvdyI6ImU0YjUxYmIifQ%3D%3D\">\n\t\t\t\t\t<div class=\"e-gallery-image elementor-gallery-item__image\" data-thumbnail=\"https:\/\/www.iaph.es\/patrimonioygenero\/wp-content\/uploads\/2025\/01\/016_atusojosmivoz_IAPH-Vestibulo-300x200.jpg\" data-width=\"300\" data-height=\"200\" aria-label=\"\" role=\"img\" ><\/div>\n\t\t\t\t\t\t\t\t\t\t\t<div class=\"elementor-gallery-item__overlay\"><\/div>\n\t\t\t\t\t\t\t\t\t\t\t\t\t\t<\/a>\n\t\t\t\t\t\t\t<a class=\"e-gallery-item elementor-gallery-item elementor-animated-content\" href=\"https:\/\/www.iaph.es\/patrimonioygenero\/wp-content\/uploads\/2025\/01\/015_atusojosmivoz_IAPH_BIBLIOTECAH.jpg\" data-elementor-open-lightbox=\"yes\" data-elementor-lightbox-slideshow=\"e4b51bb\" data-elementor-lightbox-title=\"015_atusojosmivoz_IAPH_BIBLIOTECAH\" data-e-action-hash=\"#elementor-action%3Aaction%3Dlightbox%26settings%3DeyJpZCI6MTExNiwidXJsIjoiaHR0cHM6XC9cL3d3dy5pYXBoLmVzXC9wYXRyaW1vbmlveWdlbmVyb1wvd3AtY29udGVudFwvdXBsb2Fkc1wvMjAyNVwvMDFcLzAxNV9hdHVzb2pvc21pdm96X0lBUEhfQklCTElPVEVDQUguanBnIiwic2xpZGVzaG93IjoiZTRiNTFiYiJ9\">\n\t\t\t\t\t<div class=\"e-gallery-image elementor-gallery-item__image\" data-thumbnail=\"https:\/\/www.iaph.es\/patrimonioygenero\/wp-content\/uploads\/2025\/01\/015_atusojosmivoz_IAPH_BIBLIOTECAH-300x200.jpg\" data-width=\"300\" data-height=\"200\" aria-label=\"\" role=\"img\" ><\/div>\n\t\t\t\t\t\t\t\t\t\t\t<div class=\"elementor-gallery-item__overlay\"><\/div>\n\t\t\t\t\t\t\t\t\t\t\t\t\t\t<\/a>\n\t\t\t\t\t<\/div>\n\t\t\t\t\t<\/div>\n\t\t\t\t<\/div>\n\t\t\t\t<\/div>\n\t\t\t\t\t<\/div>\n\t\t\t\t<\/div>\n\t\t\t\t<\/div>\n\t\t","protected":false},"excerpt":{"rendered":"<p>Biblioteca Humana Biblioteca humana: una herramienta para la recogida de patrimonio inmateri Algunos apuntes sobre Biblioteca Humana La Biblioteca Humana es una metodolog\u00eda que, a trav\u00e9s del respeto mutuo y el cuidado por la dignidad humana, promueve el acercamiento y la convivencia entre las personas. Esto es cierto para las personas que ejercen el rol [&hellip;]<\/p>\n","protected":false},"author":1,"featured_media":0,"parent":0,"menu_order":0,"comment_status":"closed","ping_status":"closed","template":"","meta":{"footnotes":""},"class_list":["post-1111","page","type-page","status-publish","hentry"],"yoast_head":"<!-- This site is optimized with the Yoast SEO plugin v27.2 - https:\/\/yoast.com\/product\/yoast-seo-wordpress\/ -->\n<title>Biblioteca Humana - Patrimonio y g\u00e9nero<\/title>\n<meta name=\"robots\" content=\"index, follow, max-snippet:-1, max-image-preview:large, max-video-preview:-1\" \/>\n<link rel=\"canonical\" href=\"https:\/\/www.iaph.es\/patrimonioygenero\/biblioteca-humana\/\" \/>\n<meta property=\"og:locale\" content=\"es_ES\" \/>\n<meta property=\"og:type\" content=\"article\" \/>\n<meta property=\"og:title\" content=\"Biblioteca Humana - Patrimonio y g\u00e9nero\" \/>\n<meta property=\"og:description\" content=\"Biblioteca Humana Biblioteca humana: una herramienta para la recogida de patrimonio inmateri Algunos apuntes sobre Biblioteca Humana La Biblioteca Humana es una metodolog\u00eda que, a trav\u00e9s del respeto mutuo y el cuidado por la dignidad humana, promueve el acercamiento y la convivencia entre las personas. Esto es cierto para las personas que ejercen el rol [&hellip;]\" \/>\n<meta property=\"og:url\" content=\"https:\/\/www.iaph.es\/patrimonioygenero\/biblioteca-humana\/\" \/>\n<meta property=\"og:site_name\" content=\"Patrimonio y g\u00e9nero\" \/>\n<meta property=\"article:modified_time\" content=\"2025-01-28T00:08:17+00:00\" \/>\n<meta property=\"og:image\" content=\"https:\/\/www.iaph.es\/patrimonioygenero\/wp-content\/uploads\/2025\/01\/010_atusojosmivoz_IAPH_BIBLIOTECAH.jpg\" \/>\n\t<meta property=\"og:image:width\" content=\"1418\" \/>\n\t<meta property=\"og:image:height\" content=\"945\" \/>\n\t<meta property=\"og:image:type\" content=\"image\/jpeg\" \/>\n<meta name=\"twitter:card\" content=\"summary_large_image\" \/>\n<meta name=\"twitter:label1\" content=\"Tiempo de lectura\" \/>\n\t<meta name=\"twitter:data1\" content=\"4 minutos\" \/>\n<script type=\"application\/ld+json\" class=\"yoast-schema-graph\">{\"@context\":\"https:\/\/schema.org\",\"@graph\":[{\"@type\":\"WebPage\",\"@id\":\"https:\/\/www.iaph.es\/patrimonioygenero\/biblioteca-humana\/\",\"url\":\"https:\/\/www.iaph.es\/patrimonioygenero\/biblioteca-humana\/\",\"name\":\"Biblioteca Humana - Patrimonio y g\u00e9nero\",\"isPartOf\":{\"@id\":\"https:\/\/www.iaph.es\/patrimonioygenero\/#website\"},\"primaryImageOfPage\":{\"@id\":\"https:\/\/www.iaph.es\/patrimonioygenero\/biblioteca-humana\/#primaryimage\"},\"image\":{\"@id\":\"https:\/\/www.iaph.es\/patrimonioygenero\/biblioteca-humana\/#primaryimage\"},\"thumbnailUrl\":\"https:\/\/www.iaph.es\/patrimonioygenero\/wp-content\/uploads\/2025\/01\/010_atusojosmivoz_IAPH_BIBLIOTECAH-1024x682.jpg\",\"datePublished\":\"2025-01-28T00:00:49+00:00\",\"dateModified\":\"2025-01-28T00:08:17+00:00\",\"breadcrumb\":{\"@id\":\"https:\/\/www.iaph.es\/patrimonioygenero\/biblioteca-humana\/#breadcrumb\"},\"inLanguage\":\"es\",\"potentialAction\":[{\"@type\":\"ReadAction\",\"target\":[\"https:\/\/www.iaph.es\/patrimonioygenero\/biblioteca-humana\/\"]}]},{\"@type\":\"ImageObject\",\"inLanguage\":\"es\",\"@id\":\"https:\/\/www.iaph.es\/patrimonioygenero\/biblioteca-humana\/#primaryimage\",\"url\":\"https:\/\/www.iaph.es\/patrimonioygenero\/wp-content\/uploads\/2025\/01\/010_atusojosmivoz_IAPH_BIBLIOTECAH.jpg\",\"contentUrl\":\"https:\/\/www.iaph.es\/patrimonioygenero\/wp-content\/uploads\/2025\/01\/010_atusojosmivoz_IAPH_BIBLIOTECAH.jpg\",\"width\":1418,\"height\":945},{\"@type\":\"BreadcrumbList\",\"@id\":\"https:\/\/www.iaph.es\/patrimonioygenero\/biblioteca-humana\/#breadcrumb\",\"itemListElement\":[{\"@type\":\"ListItem\",\"position\":1,\"name\":\"Portada\",\"item\":\"https:\/\/www.iaph.es\/patrimonioygenero\/\"},{\"@type\":\"ListItem\",\"position\":2,\"name\":\"Biblioteca Humana\"}]},{\"@type\":\"WebSite\",\"@id\":\"https:\/\/www.iaph.es\/patrimonioygenero\/#website\",\"url\":\"https:\/\/www.iaph.es\/patrimonioygenero\/\",\"name\":\"IAPH 2024\",\"description\":\"\",\"potentialAction\":[{\"@type\":\"SearchAction\",\"target\":{\"@type\":\"EntryPoint\",\"urlTemplate\":\"https:\/\/www.iaph.es\/patrimonioygenero\/?s={search_term_string}\"},\"query-input\":{\"@type\":\"PropertyValueSpecification\",\"valueRequired\":true,\"valueName\":\"search_term_string\"}}],\"inLanguage\":\"es\"}]}<\/script>\n<!-- \/ Yoast SEO plugin. -->","yoast_head_json":{"title":"Biblioteca Humana - Patrimonio y g\u00e9nero","robots":{"index":"index","follow":"follow","max-snippet":"max-snippet:-1","max-image-preview":"max-image-preview:large","max-video-preview":"max-video-preview:-1"},"canonical":"https:\/\/www.iaph.es\/patrimonioygenero\/biblioteca-humana\/","og_locale":"es_ES","og_type":"article","og_title":"Biblioteca Humana - Patrimonio y g\u00e9nero","og_description":"Biblioteca Humana Biblioteca humana: una herramienta para la recogida de patrimonio inmateri Algunos apuntes sobre Biblioteca Humana La Biblioteca Humana es una metodolog\u00eda que, a trav\u00e9s del respeto mutuo y el cuidado por la dignidad humana, promueve el acercamiento y la convivencia entre las personas. Esto es cierto para las personas que ejercen el rol [&hellip;]","og_url":"https:\/\/www.iaph.es\/patrimonioygenero\/biblioteca-humana\/","og_site_name":"Patrimonio y g\u00e9nero","article_modified_time":"2025-01-28T00:08:17+00:00","og_image":[{"width":1418,"height":945,"url":"https:\/\/www.iaph.es\/patrimonioygenero\/wp-content\/uploads\/2025\/01\/010_atusojosmivoz_IAPH_BIBLIOTECAH.jpg","type":"image\/jpeg"}],"twitter_card":"summary_large_image","twitter_misc":{"Tiempo de lectura":"4 minutos"},"schema":{"@context":"https:\/\/schema.org","@graph":[{"@type":"WebPage","@id":"https:\/\/www.iaph.es\/patrimonioygenero\/biblioteca-humana\/","url":"https:\/\/www.iaph.es\/patrimonioygenero\/biblioteca-humana\/","name":"Biblioteca Humana - Patrimonio y g\u00e9nero","isPartOf":{"@id":"https:\/\/www.iaph.es\/patrimonioygenero\/#website"},"primaryImageOfPage":{"@id":"https:\/\/www.iaph.es\/patrimonioygenero\/biblioteca-humana\/#primaryimage"},"image":{"@id":"https:\/\/www.iaph.es\/patrimonioygenero\/biblioteca-humana\/#primaryimage"},"thumbnailUrl":"https:\/\/www.iaph.es\/patrimonioygenero\/wp-content\/uploads\/2025\/01\/010_atusojosmivoz_IAPH_BIBLIOTECAH-1024x682.jpg","datePublished":"2025-01-28T00:00:49+00:00","dateModified":"2025-01-28T00:08:17+00:00","breadcrumb":{"@id":"https:\/\/www.iaph.es\/patrimonioygenero\/biblioteca-humana\/#breadcrumb"},"inLanguage":"es","potentialAction":[{"@type":"ReadAction","target":["https:\/\/www.iaph.es\/patrimonioygenero\/biblioteca-humana\/"]}]},{"@type":"ImageObject","inLanguage":"es","@id":"https:\/\/www.iaph.es\/patrimonioygenero\/biblioteca-humana\/#primaryimage","url":"https:\/\/www.iaph.es\/patrimonioygenero\/wp-content\/uploads\/2025\/01\/010_atusojosmivoz_IAPH_BIBLIOTECAH.jpg","contentUrl":"https:\/\/www.iaph.es\/patrimonioygenero\/wp-content\/uploads\/2025\/01\/010_atusojosmivoz_IAPH_BIBLIOTECAH.jpg","width":1418,"height":945},{"@type":"BreadcrumbList","@id":"https:\/\/www.iaph.es\/patrimonioygenero\/biblioteca-humana\/#breadcrumb","itemListElement":[{"@type":"ListItem","position":1,"name":"Portada","item":"https:\/\/www.iaph.es\/patrimonioygenero\/"},{"@type":"ListItem","position":2,"name":"Biblioteca Humana"}]},{"@type":"WebSite","@id":"https:\/\/www.iaph.es\/patrimonioygenero\/#website","url":"https:\/\/www.iaph.es\/patrimonioygenero\/","name":"IAPH 2024","description":"","potentialAction":[{"@type":"SearchAction","target":{"@type":"EntryPoint","urlTemplate":"https:\/\/www.iaph.es\/patrimonioygenero\/?s={search_term_string}"},"query-input":{"@type":"PropertyValueSpecification","valueRequired":true,"valueName":"search_term_string"}}],"inLanguage":"es"}]}},"_links":{"self":[{"href":"https:\/\/www.iaph.es\/patrimonioygenero\/wp-json\/wp\/v2\/pages\/1111","targetHints":{"allow":["GET"]}}],"collection":[{"href":"https:\/\/www.iaph.es\/patrimonioygenero\/wp-json\/wp\/v2\/pages"}],"about":[{"href":"https:\/\/www.iaph.es\/patrimonioygenero\/wp-json\/wp\/v2\/types\/page"}],"author":[{"embeddable":true,"href":"https:\/\/www.iaph.es\/patrimonioygenero\/wp-json\/wp\/v2\/users\/1"}],"replies":[{"embeddable":true,"href":"https:\/\/www.iaph.es\/patrimonioygenero\/wp-json\/wp\/v2\/comments?post=1111"}],"version-history":[{"count":7,"href":"https:\/\/www.iaph.es\/patrimonioygenero\/wp-json\/wp\/v2\/pages\/1111\/revisions"}],"predecessor-version":[{"id":1125,"href":"https:\/\/www.iaph.es\/patrimonioygenero\/wp-json\/wp\/v2\/pages\/1111\/revisions\/1125"}],"wp:attachment":[{"href":"https:\/\/www.iaph.es\/patrimonioygenero\/wp-json\/wp\/v2\/media?parent=1111"}],"curies":[{"name":"wp","href":"https:\/\/api.w.org\/{rel}","templated":true}]}}