{"id":238,"date":"2024-05-10T07:42:59","date_gmt":"2024-05-10T07:42:59","guid":{"rendered":"https:\/\/www.iaph.es\/patrimonioygenero\/?page_id=238"},"modified":"2025-01-28T22:24:24","modified_gmt":"2025-01-28T22:24:24","slug":"a-tus-ojos-mi-voz","status":"publish","type":"page","link":"https:\/\/www.iaph.es\/patrimonioygenero\/a-tus-ojos-mi-voz\/","title":{"rendered":"A tus ojos mi voz"},"content":{"rendered":"\t\t<div data-elementor-type=\"wp-page\" data-elementor-id=\"238\" class=\"elementor elementor-238\" data-elementor-post-type=\"page\">\n\t\t\t\t<div class=\"elementor-element elementor-element-0e41f62 e-con-full mainbanner e-flex e-con e-parent\" data-id=\"0e41f62\" data-element_type=\"container\" data-e-type=\"container\" data-settings=\"{&quot;background_background&quot;:&quot;video&quot;,&quot;background_video_link&quot;:&quot;https:\\\/\\\/a-tus-ojos-mi-voz.temp.libnamic.eu\\\/wp-content\\\/uploads\\\/2022\\\/12\\\/A-tus-ojos-mi-voz-background-mainbanner.mp4&quot;,&quot;background_play_on_mobile&quot;:&quot;yes&quot;}\">\n\t\t<div class=\"elementor-background-video-container\">\n\t\t\t\t\t\t\t<video class=\"elementor-background-video-hosted\" role=\"presentation\" autoplay muted playsinline loop><\/video>\n\t\t\t\t\t<\/div><div class=\"elementor-element elementor-element-400b971 e-flex e-con-boxed e-con e-child\" data-id=\"400b971\" data-element_type=\"container\" data-e-type=\"container\">\n\t\t\t\t\t<div class=\"e-con-inner\">\n\t\t<div class=\"elementor-element elementor-element-8bece2b e-flex e-con-boxed e-con e-child\" data-id=\"8bece2b\" data-element_type=\"container\" data-e-type=\"container\">\n\t\t\t\t\t<div class=\"e-con-inner\">\n\t\t\t\t<div class=\"elementor-element elementor-element-75409c0 titulo1 elementor-widget elementor-widget-heading\" data-id=\"75409c0\" data-element_type=\"widget\" data-e-type=\"widget\" data-widget_type=\"heading.default\">\n\t\t\t\t<div class=\"elementor-widget-container\">\n\t\t\t\t\t<h1 class=\"elementor-heading-title elementor-size-default\">A TUS OJOS, <\/h1>\t\t\t\t<\/div>\n\t\t\t\t<\/div>\n\t\t\t\t<div class=\"elementor-element elementor-element-e21de17 titulo2 elementor-widget elementor-widget-heading\" data-id=\"e21de17\" data-element_type=\"widget\" data-e-type=\"widget\" data-widget_type=\"heading.default\">\n\t\t\t\t<div class=\"elementor-widget-container\">\n\t\t\t\t\t<h2 class=\"elementor-heading-title elementor-size-default\">mi<br>VOZ<\/h2>\t\t\t\t<\/div>\n\t\t\t\t<\/div>\n\t\t\t\t<div class=\"elementor-element elementor-element-8084522 elementor-widget elementor-widget-text-editor\" data-id=\"8084522\" data-element_type=\"widget\" data-e-type=\"widget\" data-widget_type=\"text-editor.default\">\n\t\t\t\t<div class=\"elementor-widget-container\">\n\t\t\t\t\t\t\t\t\t<p><em>Fui piedra y perd\u00ed mi centro<br \/>y me arrojaron al mar<br \/>y a fuerza de mucho tiempo<br \/>mi centro vine a encontrar<\/em><\/p><p><strong>Mercedes Fern\u00e1ndez Vargas, \u201cla Serneta\u201d<\/strong><\/p>\t\t\t\t\t\t\t\t<\/div>\n\t\t\t\t<\/div>\n\t\t\t\t\t<\/div>\n\t\t\t\t<\/div>\n\t\t<div class=\"elementor-element elementor-element-553fc11 e-con-full e-flex e-con e-child\" data-id=\"553fc11\" data-element_type=\"container\" data-e-type=\"container\">\n\t\t\t\t<div class=\"elementor-element elementor-element-f2737a9 elementor-widget elementor-widget-image\" data-id=\"f2737a9\" data-element_type=\"widget\" data-e-type=\"widget\" data-widget_type=\"image.default\">\n\t\t\t\t<div class=\"elementor-widget-container\">\n\t\t\t\t\t\t\t\t\t\t\t\t\t\t\t<img fetchpriority=\"high\" decoding=\"async\" width=\"900\" height=\"900\" src=\"https:\/\/www.iaph.es\/patrimonioygenero\/wp-content\/uploads\/2024\/05\/2022_11_28_ATOMV_ILUSTRACION-_2_.webp\" class=\"attachment-full size-full wp-image-239\" alt=\"Ilustraci\u00f3n del proyecto &quot;A tus ojos mi voz&quot;\" srcset=\"https:\/\/www.iaph.es\/patrimonioygenero\/wp-content\/uploads\/2024\/05\/2022_11_28_ATOMV_ILUSTRACION-_2_.webp 900w, https:\/\/www.iaph.es\/patrimonioygenero\/wp-content\/uploads\/2024\/05\/2022_11_28_ATOMV_ILUSTRACION-_2_-300x300.webp 300w, https:\/\/www.iaph.es\/patrimonioygenero\/wp-content\/uploads\/2024\/05\/2022_11_28_ATOMV_ILUSTRACION-_2_-150x150.webp 150w, https:\/\/www.iaph.es\/patrimonioygenero\/wp-content\/uploads\/2024\/05\/2022_11_28_ATOMV_ILUSTRACION-_2_-768x768.webp 768w\" sizes=\"(max-width: 900px) 100vw, 900px\" \/>\t\t\t\t\t\t\t\t\t\t\t\t\t\t\t<\/div>\n\t\t\t\t<\/div>\n\t\t\t\t<\/div>\n\t\t\t\t\t<\/div>\n\t\t\t\t<\/div>\n\t\t\t\t<\/div>\n\t\t<div class=\"elementor-element elementor-element-20f3a68 e-flex e-con-boxed e-con e-parent\" data-id=\"20f3a68\" data-element_type=\"container\" data-e-type=\"container\">\n\t\t\t\t\t<div class=\"e-con-inner\">\n\t\t<div class=\"elementor-element elementor-element-3f1f8b0 e-con-full e-flex e-con e-child\" data-id=\"3f1f8b0\" data-element_type=\"container\" data-e-type=\"container\">\n\t\t<div class=\"elementor-element elementor-element-17b69ad e-flex e-con-boxed e-con e-child\" data-id=\"17b69ad\" data-element_type=\"container\" data-e-type=\"container\">\n\t\t\t\t\t<div class=\"e-con-inner\">\n\t\t\t\t<div class=\"elementor-element elementor-element-334d1c9 elementor-widget elementor-widget-heading\" data-id=\"334d1c9\" data-element_type=\"widget\" data-e-type=\"widget\" data-widget_type=\"heading.default\">\n\t\t\t\t<div class=\"elementor-widget-container\">\n\t\t\t\t\t<h2 class=\"elementor-heading-title elementor-size-default\">Sobre el proyecto<\/h2>\t\t\t\t<\/div>\n\t\t\t\t<\/div>\n\t\t<div class=\"elementor-element elementor-element-170084f e-con-full e-flex e-con e-child\" data-id=\"170084f\" data-element_type=\"container\" data-e-type=\"container\">\n\t\t<div class=\"elementor-element elementor-element-d2816a6 e-con-full e-flex e-con e-child\" data-id=\"d2816a6\" data-element_type=\"container\" data-e-type=\"container\">\n\t\t\t\t<div class=\"elementor-element elementor-element-0675ffc elementor-widget elementor-widget-video\" data-id=\"0675ffc\" data-element_type=\"widget\" data-e-type=\"widget\" data-settings=\"{&quot;video_type&quot;:&quot;hosted&quot;,&quot;controls&quot;:&quot;yes&quot;}\" data-widget_type=\"video.default\">\n\t\t\t\t<div class=\"elementor-widget-container\">\n\t\t\t\t\t\t\t<div class=\"e-hosted-video elementor-wrapper elementor-open-inline\">\n\t\t\t\t\t<video class=\"elementor-video\" src=\"https:\/\/www.iaph.es\/patrimonioygenero\/wp-content\/uploads\/2025\/01\/WhatsApp-Video-2025-01-27-at-23.35.48-1.mp4\" controls=\"\" preload=\"metadata\" controlsList=\"nodownload\"><\/video>\n\t\t\t\t<\/div>\n\t\t\t\t\t\t<\/div>\n\t\t\t\t<\/div>\n\t\t\t\t<\/div>\n\t\t<div class=\"elementor-element elementor-element-e9274dd e-con-full e-flex e-con e-child\" data-id=\"e9274dd\" data-element_type=\"container\" data-e-type=\"container\">\n\t\t\t\t<\/div>\n\t\t\t\t<\/div>\n\t\t\t\t<div class=\"elementor-element elementor-element-0fd272e elementor-widget elementor-widget-text-editor\" data-id=\"0fd272e\" data-element_type=\"widget\" data-e-type=\"widget\" data-widget_type=\"text-editor.default\">\n\t\t\t\t<div class=\"elementor-widget-container\">\n\t\t\t\t\t\t\t\t\t<p class=\"Textbody\" style=\"margin-bottom: 12.75pt; text-align: justify;\"><strong><span class=\"StrongEmphasis\">\u00abA TUS OJOS, MI VOZ\u00bb<\/span><\/strong> es un proyecto que explora la relaci\u00f3n entre <strong><span class=\"StrongEmphasis\">Patrimonio Cultural Inmaterial y G\u00e9nero<\/span><\/strong>. Su objetivo es visibilizar el papel fundamental de las mujeres en la creaci\u00f3n, transmisi\u00f3n y salvaguarda de conocimientos culturales, especialmente en actividades tradicionalmente feminizadas como mantecaderas, aceituneras, ceramistas, hilanderas y trabajadoras del an\u00eds, entre otras.<\/p><p class=\"Textbody\" style=\"text-align: justify;\">El proyecto se configura como un <strong><span class=\"StrongEmphasis\">laboratorio ciudadano<\/span><\/strong> que utiliza la metodolog\u00eda de la <strong><span class=\"StrongEmphasis\">Biblioteca Humana<\/span><\/strong> para destacar las historias de vida de estas mujeres. Mediante esta metodolog\u00eda, se generan espacios para compartir experiencias y desaf\u00edos de manera horizontal y natural, desafiando estereotipos y prejuicios. Adem\u00e1s, <strong><span class=\"StrongEmphasis\">\u00abA TUS OJOS, MI VOZ\u00bb<\/span><\/strong> act\u00faa como un puente entre cultura y tecnolog\u00eda, creando un repositorio web que documenta y difunde estas narraciones.<\/p><p class=\"Textbody\" style=\"text-align: justify;\">Con <strong><span class=\"StrongEmphasis\">\u00abA TUS OJOS, MI VOZ\u00bb<\/span><\/strong>, se refuerza el compromiso con la inclusi\u00f3n y la igualdad en la preservaci\u00f3n del patrimonio cultural, integrando la perspectiva de g\u00e9nero como un componente esencial en el desarrollo de iniciativas patrimoniales.<\/p>\t\t\t\t\t\t\t\t<\/div>\n\t\t\t\t<\/div>\n\t\t\t\t\t<\/div>\n\t\t\t\t<\/div>\n\t\t\t\t<\/div>\n\t\t\t\t<div class=\"elementor-element elementor-element-aecd5cc elementor-widget elementor-widget-image\" data-id=\"aecd5cc\" data-element_type=\"widget\" data-e-type=\"widget\" data-widget_type=\"image.default\">\n\t\t\t\t<div class=\"elementor-widget-container\">\n\t\t\t\t\t\t\t\t\t\t\t\t\t\t\t<img decoding=\"async\" width=\"800\" height=\"533\" src=\"https:\/\/www.iaph.es\/patrimonioygenero\/wp-content\/uploads\/2024\/05\/FOTO-CARTEL_Escaladegris.jpg\" class=\"attachment-full size-full wp-image-240\" alt=\"Dos mujeres observan una fotograf\u00eda antigua en blanco y negro, exhibida detr\u00e1s de un cristal. La imagen refleja un grupo de trabajadoras unidas para hacerse la foto.\" srcset=\"https:\/\/www.iaph.es\/patrimonioygenero\/wp-content\/uploads\/2024\/05\/FOTO-CARTEL_Escaladegris.jpg 800w, https:\/\/www.iaph.es\/patrimonioygenero\/wp-content\/uploads\/2024\/05\/FOTO-CARTEL_Escaladegris-300x200.jpg 300w, https:\/\/www.iaph.es\/patrimonioygenero\/wp-content\/uploads\/2024\/05\/FOTO-CARTEL_Escaladegris-768x512.jpg 768w\" sizes=\"(max-width: 800px) 100vw, 800px\" \/>\t\t\t\t\t\t\t\t\t\t\t\t\t\t\t<\/div>\n\t\t\t\t<\/div>\n\t\t\t\t\t<\/div>\n\t\t\t\t<\/div>\n\t\t<div class=\"elementor-element elementor-element-75d08d2 e-flex e-con-boxed e-con e-parent\" data-id=\"75d08d2\" data-element_type=\"container\" data-e-type=\"container\" id=\"historias\">\n\t\t\t\t\t<div class=\"e-con-inner\">\n\t\t\t\t<div class=\"elementor-element elementor-element-f811c7e elementor-widget elementor-widget-heading\" data-id=\"f811c7e\" data-element_type=\"widget\" data-e-type=\"widget\" data-widget_type=\"heading.default\">\n\t\t\t\t<div class=\"elementor-widget-container\">\n\t\t\t\t\t<h2 class=\"elementor-heading-title elementor-size-default\">Las historias<\/h2>\t\t\t\t<\/div>\n\t\t\t\t<\/div>\n\t\t\t\t<div class=\"elementor-element elementor-element-c86704a elementor-grid-3 elementor-grid-tablet-2 elementor-grid-mobile-1 elementor-posts--thumbnail-top elementor-card-shadow-yes elementor-posts__hover-gradient elementor-widget elementor-widget-posts\" data-id=\"c86704a\" data-element_type=\"widget\" data-e-type=\"widget\" data-settings=\"{&quot;pagination_type&quot;:&quot;numbers&quot;,&quot;cards_columns&quot;:&quot;3&quot;,&quot;cards_columns_tablet&quot;:&quot;2&quot;,&quot;cards_columns_mobile&quot;:&quot;1&quot;,&quot;cards_row_gap&quot;:{&quot;unit&quot;:&quot;px&quot;,&quot;size&quot;:35,&quot;sizes&quot;:[]},&quot;cards_row_gap_widescreen&quot;:{&quot;unit&quot;:&quot;px&quot;,&quot;size&quot;:&quot;&quot;,&quot;sizes&quot;:[]},&quot;cards_row_gap_laptop&quot;:{&quot;unit&quot;:&quot;px&quot;,&quot;size&quot;:&quot;&quot;,&quot;sizes&quot;:[]},&quot;cards_row_gap_tablet&quot;:{&quot;unit&quot;:&quot;px&quot;,&quot;size&quot;:&quot;&quot;,&quot;sizes&quot;:[]},&quot;cards_row_gap_mobile&quot;:{&quot;unit&quot;:&quot;px&quot;,&quot;size&quot;:&quot;&quot;,&quot;sizes&quot;:[]}}\" data-widget_type=\"posts.cards\">\n\t\t\t\t<div class=\"elementor-widget-container\">\n\t\t\t\t\t\t\t<div class=\"elementor-posts-container elementor-posts elementor-posts--skin-cards elementor-grid\" role=\"list\">\n\t\t\t\t<article class=\"elementor-post elementor-grid-item post-881 post type-post status-publish format-standard has-post-thumbnail hentry category-a-tus-ojos-mi-voz tag-conchi-rodriguez tag-mantecaera\" role=\"listitem\">\n\t\t\t<div class=\"elementor-post__card\">\n\t\t\t\t<a class=\"elementor-post__thumbnail__link\" href=\"https:\/\/www.iaph.es\/patrimonioygenero\/olor-a-mantecado-a-todas-horas\/\" tabindex=\"-1\" ><div class=\"elementor-post__thumbnail\"><img decoding=\"async\" width=\"591\" height=\"874\" src=\"https:\/\/www.iaph.es\/patrimonioygenero\/wp-content\/uploads\/2025\/01\/Conchi-rodriguez_Qr4.jpg\" class=\"attachment-full size-full wp-image-873\" alt=\"\" srcset=\"https:\/\/www.iaph.es\/patrimonioygenero\/wp-content\/uploads\/2025\/01\/Conchi-rodriguez_Qr4.jpg 591w, https:\/\/www.iaph.es\/patrimonioygenero\/wp-content\/uploads\/2025\/01\/Conchi-rodriguez_Qr4-203x300.jpg 203w\" sizes=\"(max-width: 591px) 100vw, 591px\" \/><\/div><\/a>\n\t\t\t\t<div class=\"elementor-post__text\">\n\t\t\t\t<h3 class=\"elementor-post__title\">\n\t\t\t<a href=\"https:\/\/www.iaph.es\/patrimonioygenero\/olor-a-mantecado-a-todas-horas\/\" >\n\t\t\t\tOlor a mantecado a todas horas\t\t\t<\/a>\n\t\t<\/h3>\n\t\t\t\t<div class=\"elementor-post__excerpt\">\n\t\t\t\t\t<\/div>\n\t\t\n\t\t<a class=\"elementor-post__read-more\" href=\"https:\/\/www.iaph.es\/patrimonioygenero\/olor-a-mantecado-a-todas-horas\/\" aria-label=\"M\u00e1s informaci\u00f3n sobre Olor a mantecado a todas horas\" tabindex=\"-1\" >\n\t\t\tLeer m\u00e1s \u00bb\t\t<\/a>\n\n\t\t\t\t<\/div>\n\t\t\t\t\t<\/div>\n\t\t<\/article>\n\t\t\t\t<article class=\"elementor-post elementor-grid-item post-231 post type-post status-publish format-standard has-post-thumbnail hentry category-a-tus-ojos-mi-voz tag-antonia-campos-baeza tag-olivarera\" role=\"listitem\">\n\t\t\t<div class=\"elementor-post__card\">\n\t\t\t\t<a class=\"elementor-post__thumbnail__link\" href=\"https:\/\/www.iaph.es\/patrimonioygenero\/vengo-a-defender-mis-derechos\/\" tabindex=\"-1\" ><div class=\"elementor-post__thumbnail\"><img loading=\"lazy\" decoding=\"async\" width=\"591\" height=\"886\" src=\"https:\/\/www.iaph.es\/patrimonioygenero\/wp-content\/uploads\/2024\/05\/WEB_A-TUS-OJOS-MI-VOZ-108.jpg\" class=\"attachment-full size-full wp-image-234\" alt=\"Antonia\" srcset=\"https:\/\/www.iaph.es\/patrimonioygenero\/wp-content\/uploads\/2024\/05\/WEB_A-TUS-OJOS-MI-VOZ-108.jpg 591w, https:\/\/www.iaph.es\/patrimonioygenero\/wp-content\/uploads\/2024\/05\/WEB_A-TUS-OJOS-MI-VOZ-108-200x300.jpg 200w\" sizes=\"(max-width: 591px) 100vw, 591px\" \/><\/div><\/a>\n\t\t\t\t<div class=\"elementor-post__text\">\n\t\t\t\t<h3 class=\"elementor-post__title\">\n\t\t\t<a href=\"https:\/\/www.iaph.es\/patrimonioygenero\/vengo-a-defender-mis-derechos\/\" >\n\t\t\t\tVengo a defender mis derechos\t\t\t<\/a>\n\t\t<\/h3>\n\t\t\t\t<div class=\"elementor-post__excerpt\">\n\t\t\t<p>Hay ejemplos a lo largo de la historia, de como las mujeres han desempe\u00f1ado roles que han servido para dignificar su trabajo y alcanzar derechos. La historia de Antonia, contada de su propia voz es uno de esos ejemplos, de los que hay que poner en valor.<\/p>\n\t\t<\/div>\n\t\t\n\t\t<a class=\"elementor-post__read-more\" href=\"https:\/\/www.iaph.es\/patrimonioygenero\/vengo-a-defender-mis-derechos\/\" aria-label=\"M\u00e1s informaci\u00f3n sobre Vengo a defender mis derechos\" tabindex=\"-1\" >\n\t\t\tLeer m\u00e1s \u00bb\t\t<\/a>\n\n\t\t\t\t<\/div>\n\t\t\t\t\t<\/div>\n\t\t<\/article>\n\t\t\t\t<article class=\"elementor-post elementor-grid-item post-227 post type-post status-publish format-standard has-post-thumbnail hentry category-a-tus-ojos-mi-voz tag-carmen-castro-valverde tag-trabajadora-textil\" role=\"listitem\">\n\t\t\t<div class=\"elementor-post__card\">\n\t\t\t\t<a class=\"elementor-post__thumbnail__link\" href=\"https:\/\/www.iaph.es\/patrimonioygenero\/injusticia-total\/\" tabindex=\"-1\" ><div class=\"elementor-post__thumbnail\"><img loading=\"lazy\" decoding=\"async\" width=\"591\" height=\"886\" src=\"https:\/\/www.iaph.es\/patrimonioygenero\/wp-content\/uploads\/2024\/05\/WEB_A-TUS-OJOS-MI-VOZ-106.jpg\" class=\"attachment-full size-full wp-image-230\" alt=\"Carmen\" srcset=\"https:\/\/www.iaph.es\/patrimonioygenero\/wp-content\/uploads\/2024\/05\/WEB_A-TUS-OJOS-MI-VOZ-106.jpg 591w, https:\/\/www.iaph.es\/patrimonioygenero\/wp-content\/uploads\/2024\/05\/WEB_A-TUS-OJOS-MI-VOZ-106-200x300.jpg 200w\" sizes=\"(max-width: 591px) 100vw, 591px\" \/><\/div><\/a>\n\t\t\t\t<div class=\"elementor-post__text\">\n\t\t\t\t<h3 class=\"elementor-post__title\">\n\t\t\t<a href=\"https:\/\/www.iaph.es\/patrimonioygenero\/injusticia-total\/\" >\n\t\t\t\tInjusticia total\t\t\t<\/a>\n\t\t<\/h3>\n\t\t\t\t<div class=\"elementor-post__excerpt\">\n\t\t\t<p>Cuando una traspasaba el umbral de la f\u00e1brica, a quienes all\u00ed encontraba eran mucho m\u00e1s que trabajadoras, eran mujeres iguales que yo, que en aquel lugar forjaban una amistad a prueba de todo. Lo que le pasaba a una, les pasaba a todas. Por ello, la voz de Carmen se alza a\u00fan hoy contra aquello, aquello que fue y es, una injusticia total. <\/p>\n\t\t<\/div>\n\t\t\n\t\t<a class=\"elementor-post__read-more\" href=\"https:\/\/www.iaph.es\/patrimonioygenero\/injusticia-total\/\" aria-label=\"M\u00e1s informaci\u00f3n sobre Injusticia total\" tabindex=\"-1\" >\n\t\t\tLeer m\u00e1s \u00bb\t\t<\/a>\n\n\t\t\t\t<\/div>\n\t\t\t\t\t<\/div>\n\t\t<\/article>\n\t\t\t\t<article class=\"elementor-post elementor-grid-item post-223 post type-post status-publish format-standard has-post-thumbnail hentry category-a-tus-ojos-mi-voz tag-chani-llaves-ferrera tag-matricera\" role=\"listitem\">\n\t\t\t<div class=\"elementor-post__card\">\n\t\t\t\t<a class=\"elementor-post__thumbnail__link\" href=\"https:\/\/www.iaph.es\/patrimonioygenero\/matricera-de-la-cartuja\/\" tabindex=\"-1\" ><div class=\"elementor-post__thumbnail\"><img loading=\"lazy\" decoding=\"async\" width=\"591\" height=\"886\" src=\"https:\/\/www.iaph.es\/patrimonioygenero\/wp-content\/uploads\/2024\/05\/WEB_A-TUS-OJOS-MI-VOZ-110.jpg\" class=\"attachment-full size-full wp-image-226\" alt=\"Chani\" srcset=\"https:\/\/www.iaph.es\/patrimonioygenero\/wp-content\/uploads\/2024\/05\/WEB_A-TUS-OJOS-MI-VOZ-110.jpg 591w, https:\/\/www.iaph.es\/patrimonioygenero\/wp-content\/uploads\/2024\/05\/WEB_A-TUS-OJOS-MI-VOZ-110-200x300.jpg 200w\" sizes=\"(max-width: 591px) 100vw, 591px\" \/><\/div><\/a>\n\t\t\t\t<div class=\"elementor-post__text\">\n\t\t\t\t<h3 class=\"elementor-post__title\">\n\t\t\t<a href=\"https:\/\/www.iaph.es\/patrimonioygenero\/matricera-de-la-cartuja\/\" >\n\t\t\t\tMatricera de la Cartuja\t\t\t<\/a>\n\t\t<\/h3>\n\t\t\t\t<div class=\"elementor-post__excerpt\">\n\t\t\t<p>En los lugares que pod\u00edas ocupar en la f\u00e1brica de cer\u00e1mica de la Cartuja, era determinante si eras mujer. Todas las historias  de vida relacionadas con los oficios tienen este elemento com\u00fan. La voz firme y amable cual creaci\u00f3n de cer\u00e1mica de Chani, nos cuenta la poco conocida historia de cuando una mujer lleg\u00f3 a ser matricera de la Cartuja.<\/p>\n\t\t<\/div>\n\t\t\n\t\t<a class=\"elementor-post__read-more\" href=\"https:\/\/www.iaph.es\/patrimonioygenero\/matricera-de-la-cartuja\/\" aria-label=\"M\u00e1s informaci\u00f3n sobre Matricera de la Cartuja\" tabindex=\"-1\" >\n\t\t\tLeer m\u00e1s \u00bb\t\t<\/a>\n\n\t\t\t\t<\/div>\n\t\t\t\t\t<\/div>\n\t\t<\/article>\n\t\t\t\t<article class=\"elementor-post elementor-grid-item post-219 post type-post status-publish format-standard has-post-thumbnail hentry category-a-tus-ojos-mi-voz tag-ceramista tag-lola-jodar-de-las-penas\" role=\"listitem\">\n\t\t\t<div class=\"elementor-post__card\">\n\t\t\t\t<a class=\"elementor-post__thumbnail__link\" href=\"https:\/\/www.iaph.es\/patrimonioygenero\/la-sala-de-astronautas\/\" tabindex=\"-1\" ><div class=\"elementor-post__thumbnail\"><img loading=\"lazy\" decoding=\"async\" width=\"591\" height=\"886\" src=\"https:\/\/www.iaph.es\/patrimonioygenero\/wp-content\/uploads\/2024\/05\/WEB_A-TUS-OJOS-MI-VOZ-109.jpg\" class=\"attachment-full size-full wp-image-222\" alt=\"Lola\" srcset=\"https:\/\/www.iaph.es\/patrimonioygenero\/wp-content\/uploads\/2024\/05\/WEB_A-TUS-OJOS-MI-VOZ-109.jpg 591w, https:\/\/www.iaph.es\/patrimonioygenero\/wp-content\/uploads\/2024\/05\/WEB_A-TUS-OJOS-MI-VOZ-109-200x300.jpg 200w\" sizes=\"(max-width: 591px) 100vw, 591px\" \/><\/div><\/a>\n\t\t\t\t<div class=\"elementor-post__text\">\n\t\t\t\t<h3 class=\"elementor-post__title\">\n\t\t\t<a href=\"https:\/\/www.iaph.es\/patrimonioygenero\/la-sala-de-astronautas\/\" >\n\t\t\t\tLa sala de astronautas\t\t\t<\/a>\n\t\t<\/h3>\n\t\t\t\t<div class=\"elementor-post__excerpt\">\n\t\t\t<p>Cuando nos animan a que proyectemos de una manera visual nuestro futuro, o al menos el que nos gustar\u00eda tener, sobre todo en el \u00e1mbito laboral, a menudo tomamos fuentes diversas para proyectar esa idea. En no pocas ocasiones, incluso habiendo conseguido lo que consideramos nuestro sue\u00f1o, nuestro deseo, al entrar por primera vez en nuestro lugar de trabajo, la realidad supera la ficci\u00f3n. La voz de Lola, nos relata que sinti\u00f3 al entrar por primera vez en aquella sala \u201c de astronautas\u201d.<\/p>\n\t\t<\/div>\n\t\t\n\t\t<a class=\"elementor-post__read-more\" href=\"https:\/\/www.iaph.es\/patrimonioygenero\/la-sala-de-astronautas\/\" aria-label=\"M\u00e1s informaci\u00f3n sobre La sala de astronautas\" tabindex=\"-1\" >\n\t\t\tLeer m\u00e1s \u00bb\t\t<\/a>\n\n\t\t\t\t<\/div>\n\t\t\t\t\t<\/div>\n\t\t<\/article>\n\t\t\t\t<article class=\"elementor-post elementor-grid-item post-215 post type-post status-publish format-standard has-post-thumbnail hentry category-a-tus-ojos-mi-voz tag-josefa-gonzalez-caba tag-trabajadora-textil\" role=\"listitem\">\n\t\t\t<div class=\"elementor-post__card\">\n\t\t\t\t<a class=\"elementor-post__thumbnail__link\" href=\"https:\/\/www.iaph.es\/patrimonioygenero\/no-estabamos-valoradas\/\" tabindex=\"-1\" ><div class=\"elementor-post__thumbnail\"><img loading=\"lazy\" decoding=\"async\" width=\"591\" height=\"886\" src=\"https:\/\/www.iaph.es\/patrimonioygenero\/wp-content\/uploads\/2024\/05\/WEB_A-TUS-OJOS-MI-VOZ-105.jpg\" class=\"attachment-full size-full wp-image-218\" alt=\"Josefa\" srcset=\"https:\/\/www.iaph.es\/patrimonioygenero\/wp-content\/uploads\/2024\/05\/WEB_A-TUS-OJOS-MI-VOZ-105.jpg 591w, https:\/\/www.iaph.es\/patrimonioygenero\/wp-content\/uploads\/2024\/05\/WEB_A-TUS-OJOS-MI-VOZ-105-200x300.jpg 200w\" sizes=\"(max-width: 591px) 100vw, 591px\" \/><\/div><\/a>\n\t\t\t\t<div class=\"elementor-post__text\">\n\t\t\t\t<h3 class=\"elementor-post__title\">\n\t\t\t<a href=\"https:\/\/www.iaph.es\/patrimonioygenero\/no-estabamos-valoradas\/\" >\n\t\t\t\tNo est\u00e1bamos valoradas\t\t\t<\/a>\n\t\t<\/h3>\n\t\t\t\t<div class=\"elementor-post__excerpt\">\n\t\t\t<p>Esta historia de voz de Josefa, Pepita para las amigas podr\u00eda ser la historia m\u00e1s repetida al hablar de mujer y procesos productivos. Pese a ser parte indispensable del trabajo, pese a ser mano de obra altamente cualificada en su especialidad, la sensaci\u00f3n y el sentimiento de ausencia de reconocimiento, se repite una y otra vez. <\/p>\n\t\t<\/div>\n\t\t\n\t\t<a class=\"elementor-post__read-more\" href=\"https:\/\/www.iaph.es\/patrimonioygenero\/no-estabamos-valoradas\/\" aria-label=\"M\u00e1s informaci\u00f3n sobre No est\u00e1bamos valoradas\" tabindex=\"-1\" >\n\t\t\tLeer m\u00e1s \u00bb\t\t<\/a>\n\n\t\t\t\t<\/div>\n\t\t\t\t\t<\/div>\n\t\t<\/article>\n\t\t\t\t<\/div>\n\t\t\n\t\t\t\t<div class=\"e-load-more-anchor\" data-page=\"1\" data-max-page=\"2\" data-next-page=\"https:\/\/www.iaph.es\/patrimonioygenero\/wp-json\/wp\/v2\/pages\/238\/page\/2\/\"><\/div>\n\t\t\t\t<nav class=\"elementor-pagination\" aria-label=\"Paginaci\u00f3n\">\n\t\t\t<span aria-current=\"page\" class=\"page-numbers current\"><span class=\"elementor-screen-only\">P\u00e1gina<\/span>1<\/span>\n<a class=\"page-numbers\" href=\"https:\/\/www.iaph.es\/patrimonioygenero\/wp-json\/wp\/v2\/pages\/238\/page\/2\/\"><span class=\"elementor-screen-only\">P\u00e1gina<\/span>2<\/a>\t\t<\/nav>\n\t\t\t\t\t\t<\/div>\n\t\t\t\t<\/div>\n\t\t\t\t\t<\/div>\n\t\t\t\t<\/div>\n\t\t<div class=\"elementor-element elementor-element-cb0f16a e-flex e-con-boxed e-con e-parent\" data-id=\"cb0f16a\" data-element_type=\"container\" data-e-type=\"container\">\n\t\t\t\t\t<div class=\"e-con-inner\">\n\t\t<div class=\"elementor-element elementor-element-2f8b52f e-con-full e-flex e-con e-child\" data-id=\"2f8b52f\" data-element_type=\"container\" data-e-type=\"container\">\n\t\t\t\t<div class=\"elementor-element elementor-element-dd101a7 elementor-widget elementor-widget-image\" data-id=\"dd101a7\" data-element_type=\"widget\" data-e-type=\"widget\" data-widget_type=\"image.default\">\n\t\t\t\t<div class=\"elementor-widget-container\">\n\t\t\t\t\t\t\t\t\t\t\t\t\t\t\t<img loading=\"lazy\" decoding=\"async\" width=\"800\" height=\"533\" src=\"https:\/\/www.iaph.es\/patrimonioygenero\/wp-content\/uploads\/2025\/01\/010_atusojosmivoz_IAPH_BIBLIOTECAH-1024x682.jpg\" class=\"attachment-large size-large wp-image-1115\" alt=\"\" srcset=\"https:\/\/www.iaph.es\/patrimonioygenero\/wp-content\/uploads\/2025\/01\/010_atusojosmivoz_IAPH_BIBLIOTECAH-1024x682.jpg 1024w, https:\/\/www.iaph.es\/patrimonioygenero\/wp-content\/uploads\/2025\/01\/010_atusojosmivoz_IAPH_BIBLIOTECAH-300x200.jpg 300w, https:\/\/www.iaph.es\/patrimonioygenero\/wp-content\/uploads\/2025\/01\/010_atusojosmivoz_IAPH_BIBLIOTECAH-768x512.jpg 768w, https:\/\/www.iaph.es\/patrimonioygenero\/wp-content\/uploads\/2025\/01\/010_atusojosmivoz_IAPH_BIBLIOTECAH.jpg 1418w\" sizes=\"(max-width: 800px) 100vw, 800px\" \/>\t\t\t\t\t\t\t\t\t\t\t\t\t\t\t<\/div>\n\t\t\t\t<\/div>\n\t\t\t\t<\/div>\n\t\t<div class=\"elementor-element elementor-element-1e8e16b e-con-full e-flex e-con e-child\" data-id=\"1e8e16b\" data-element_type=\"container\" data-e-type=\"container\">\n\t\t\t\t<div class=\"elementor-element elementor-element-bdd55ca elementor-widget elementor-widget-heading\" data-id=\"bdd55ca\" data-element_type=\"widget\" data-e-type=\"widget\" data-widget_type=\"heading.default\">\n\t\t\t\t<div class=\"elementor-widget-container\">\n\t\t\t\t\t<h2 class=\"elementor-heading-title elementor-size-default\">La Biblioteca Humana: Historias que cobran vida\n<\/h2>\t\t\t\t<\/div>\n\t\t\t\t<\/div>\n\t\t\t\t<div class=\"elementor-element elementor-element-c82f8d1 elementor-widget elementor-widget-text-editor\" data-id=\"c82f8d1\" data-element_type=\"widget\" data-e-type=\"widget\" data-widget_type=\"text-editor.default\">\n\t\t\t\t<div class=\"elementor-widget-container\">\n\t\t\t\t\t\t\t\t\t<p>Imagina poder \u00ableer\u00bb a una persona como si fuera un libro, escuchando directamente su historia de vida. La Biblioteca Humana es un espacio \u00fanico donde las voces de mujeres protagonistas comparten sus experiencias laborales, sociales y culturales. Un encuentro que nos acerca a realidades invisibilizadas, promoviendo la empat\u00eda, la reflexi\u00f3n y el reconocimiento de sus legados. \u00a1Ven y descubre estas historias vivas!<\/p>\t\t\t\t\t\t\t\t<\/div>\n\t\t\t\t<\/div>\n\t\t\t\t<div class=\"elementor-element elementor-element-688abd5 elementor-widget elementor-widget-button\" data-id=\"688abd5\" data-element_type=\"widget\" data-e-type=\"widget\" data-widget_type=\"button.default\">\n\t\t\t\t<div class=\"elementor-widget-container\">\n\t\t\t\t\t\t\t\t\t<div class=\"elementor-button-wrapper\">\n\t\t\t\t\t<a class=\"elementor-button elementor-button-link elementor-size-sm\" href=\"https:\/\/www.iaph.es\/patrimonioygenero\/biblioteca-humana\/\">\n\t\t\t\t\t\t<span class=\"elementor-button-content-wrapper\">\n\t\t\t\t\t\t\t\t\t<span class=\"elementor-button-text\">Conoce la biblioteca humana<\/span>\n\t\t\t\t\t<\/span>\n\t\t\t\t\t<\/a>\n\t\t\t\t<\/div>\n\t\t\t\t\t\t\t\t<\/div>\n\t\t\t\t<\/div>\n\t\t\t\t<\/div>\n\t\t\t\t\t<\/div>\n\t\t\t\t<\/div>\n\t\t\t\t<\/div>\n\t\t","protected":false},"excerpt":{"rendered":"<p>A TUS OJOS, miVOZ Fui piedra y perd\u00ed mi centroy me arrojaron al mary a fuerza de mucho tiempomi centro vine a encontrar Mercedes Fern\u00e1ndez Vargas, \u201cla Serneta\u201d Sobre el proyecto https:\/\/www.iaph.es\/patrimonioygenero\/wp-content\/uploads\/2025\/01\/WhatsApp-Video-2025-01-27-at-23.35.48-1.mp4 \u00abA TUS OJOS, MI VOZ\u00bb es un proyecto que explora la relaci\u00f3n entre Patrimonio Cultural Inmaterial y G\u00e9nero. Su objetivo es visibilizar el [&hellip;]<\/p>\n","protected":false},"author":1,"featured_media":0,"parent":0,"menu_order":0,"comment_status":"closed","ping_status":"closed","template":"","meta":{"footnotes":""},"class_list":["post-238","page","type-page","status-publish","hentry"],"yoast_head":"<!-- This site is optimized with the Yoast SEO plugin v27.2 - https:\/\/yoast.com\/product\/yoast-seo-wordpress\/ -->\n<title>A tus ojos mi voz - Patrimonio y g\u00e9nero<\/title>\n<meta name=\"robots\" content=\"index, follow, max-snippet:-1, max-image-preview:large, max-video-preview:-1\" \/>\n<link rel=\"canonical\" href=\"https:\/\/www.iaph.es\/patrimonioygenero\/a-tus-ojos-mi-voz\/\" \/>\n<meta property=\"og:locale\" content=\"es_ES\" \/>\n<meta property=\"og:type\" content=\"article\" \/>\n<meta property=\"og:title\" content=\"A tus ojos mi voz - Patrimonio y g\u00e9nero\" \/>\n<meta property=\"og:description\" content=\"A TUS OJOS, miVOZ Fui piedra y perd\u00ed mi centroy me arrojaron al mary a fuerza de mucho tiempomi centro vine a encontrar Mercedes Fern\u00e1ndez Vargas, \u201cla Serneta\u201d Sobre el proyecto https:\/\/www.iaph.es\/patrimonioygenero\/wp-content\/uploads\/2025\/01\/WhatsApp-Video-2025-01-27-at-23.35.48-1.mp4 \u00abA TUS OJOS, MI VOZ\u00bb es un proyecto que explora la relaci\u00f3n entre Patrimonio Cultural Inmaterial y G\u00e9nero. Su objetivo es visibilizar el [&hellip;]\" \/>\n<meta property=\"og:url\" content=\"https:\/\/www.iaph.es\/patrimonioygenero\/a-tus-ojos-mi-voz\/\" \/>\n<meta property=\"og:site_name\" content=\"Patrimonio y g\u00e9nero\" \/>\n<meta property=\"article:modified_time\" content=\"2025-01-28T22:24:24+00:00\" \/>\n<meta property=\"og:image\" content=\"https:\/\/www.iaph.es\/patrimonioygenero\/wp-content\/uploads\/2024\/05\/2022_11_28_ATOMV_ILUSTRACION-_2_.webp\" \/>\n\t<meta property=\"og:image:width\" content=\"900\" \/>\n\t<meta property=\"og:image:height\" content=\"900\" \/>\n\t<meta property=\"og:image:type\" content=\"image\/webp\" \/>\n<meta name=\"twitter:card\" content=\"summary_large_image\" \/>\n<meta name=\"twitter:label1\" content=\"Tiempo de lectura\" \/>\n\t<meta name=\"twitter:data1\" content=\"5 minutos\" \/>\n<script type=\"application\/ld+json\" class=\"yoast-schema-graph\">{\"@context\":\"https:\/\/schema.org\",\"@graph\":[{\"@type\":\"WebPage\",\"@id\":\"https:\/\/www.iaph.es\/patrimonioygenero\/a-tus-ojos-mi-voz\/\",\"url\":\"https:\/\/www.iaph.es\/patrimonioygenero\/a-tus-ojos-mi-voz\/\",\"name\":\"A tus ojos mi voz - Patrimonio y g\u00e9nero\",\"isPartOf\":{\"@id\":\"https:\/\/www.iaph.es\/patrimonioygenero\/#website\"},\"primaryImageOfPage\":{\"@id\":\"https:\/\/www.iaph.es\/patrimonioygenero\/a-tus-ojos-mi-voz\/#primaryimage\"},\"image\":{\"@id\":\"https:\/\/www.iaph.es\/patrimonioygenero\/a-tus-ojos-mi-voz\/#primaryimage\"},\"thumbnailUrl\":\"https:\/\/www.iaph.es\/patrimonioygenero\/wp-content\/uploads\/2024\/05\/2022_11_28_ATOMV_ILUSTRACION-_2_.webp\",\"datePublished\":\"2024-05-10T07:42:59+00:00\",\"dateModified\":\"2025-01-28T22:24:24+00:00\",\"breadcrumb\":{\"@id\":\"https:\/\/www.iaph.es\/patrimonioygenero\/a-tus-ojos-mi-voz\/#breadcrumb\"},\"inLanguage\":\"es\",\"potentialAction\":[{\"@type\":\"ReadAction\",\"target\":[\"https:\/\/www.iaph.es\/patrimonioygenero\/a-tus-ojos-mi-voz\/\"]}]},{\"@type\":\"ImageObject\",\"inLanguage\":\"es\",\"@id\":\"https:\/\/www.iaph.es\/patrimonioygenero\/a-tus-ojos-mi-voz\/#primaryimage\",\"url\":\"https:\/\/www.iaph.es\/patrimonioygenero\/wp-content\/uploads\/2024\/05\/2022_11_28_ATOMV_ILUSTRACION-_2_.webp\",\"contentUrl\":\"https:\/\/www.iaph.es\/patrimonioygenero\/wp-content\/uploads\/2024\/05\/2022_11_28_ATOMV_ILUSTRACION-_2_.webp\",\"width\":900,\"height\":900,\"caption\":\"Ilustraci\u00f3n del proyecto \\\"A tus ojos mi voz\\\"\"},{\"@type\":\"BreadcrumbList\",\"@id\":\"https:\/\/www.iaph.es\/patrimonioygenero\/a-tus-ojos-mi-voz\/#breadcrumb\",\"itemListElement\":[{\"@type\":\"ListItem\",\"position\":1,\"name\":\"Portada\",\"item\":\"https:\/\/www.iaph.es\/patrimonioygenero\/\"},{\"@type\":\"ListItem\",\"position\":2,\"name\":\"A tus ojos mi voz\"}]},{\"@type\":\"WebSite\",\"@id\":\"https:\/\/www.iaph.es\/patrimonioygenero\/#website\",\"url\":\"https:\/\/www.iaph.es\/patrimonioygenero\/\",\"name\":\"IAPH 2024\",\"description\":\"\",\"potentialAction\":[{\"@type\":\"SearchAction\",\"target\":{\"@type\":\"EntryPoint\",\"urlTemplate\":\"https:\/\/www.iaph.es\/patrimonioygenero\/?s={search_term_string}\"},\"query-input\":{\"@type\":\"PropertyValueSpecification\",\"valueRequired\":true,\"valueName\":\"search_term_string\"}}],\"inLanguage\":\"es\"}]}<\/script>\n<!-- \/ Yoast SEO plugin. -->","yoast_head_json":{"title":"A tus ojos mi voz - Patrimonio y g\u00e9nero","robots":{"index":"index","follow":"follow","max-snippet":"max-snippet:-1","max-image-preview":"max-image-preview:large","max-video-preview":"max-video-preview:-1"},"canonical":"https:\/\/www.iaph.es\/patrimonioygenero\/a-tus-ojos-mi-voz\/","og_locale":"es_ES","og_type":"article","og_title":"A tus ojos mi voz - Patrimonio y g\u00e9nero","og_description":"A TUS OJOS, miVOZ Fui piedra y perd\u00ed mi centroy me arrojaron al mary a fuerza de mucho tiempomi centro vine a encontrar Mercedes Fern\u00e1ndez Vargas, \u201cla Serneta\u201d Sobre el proyecto https:\/\/www.iaph.es\/patrimonioygenero\/wp-content\/uploads\/2025\/01\/WhatsApp-Video-2025-01-27-at-23.35.48-1.mp4 \u00abA TUS OJOS, MI VOZ\u00bb es un proyecto que explora la relaci\u00f3n entre Patrimonio Cultural Inmaterial y G\u00e9nero. Su objetivo es visibilizar el [&hellip;]","og_url":"https:\/\/www.iaph.es\/patrimonioygenero\/a-tus-ojos-mi-voz\/","og_site_name":"Patrimonio y g\u00e9nero","article_modified_time":"2025-01-28T22:24:24+00:00","og_image":[{"width":900,"height":900,"url":"https:\/\/www.iaph.es\/patrimonioygenero\/wp-content\/uploads\/2024\/05\/2022_11_28_ATOMV_ILUSTRACION-_2_.webp","type":"image\/webp"}],"twitter_card":"summary_large_image","twitter_misc":{"Tiempo de lectura":"5 minutos"},"schema":{"@context":"https:\/\/schema.org","@graph":[{"@type":"WebPage","@id":"https:\/\/www.iaph.es\/patrimonioygenero\/a-tus-ojos-mi-voz\/","url":"https:\/\/www.iaph.es\/patrimonioygenero\/a-tus-ojos-mi-voz\/","name":"A tus ojos mi voz - Patrimonio y g\u00e9nero","isPartOf":{"@id":"https:\/\/www.iaph.es\/patrimonioygenero\/#website"},"primaryImageOfPage":{"@id":"https:\/\/www.iaph.es\/patrimonioygenero\/a-tus-ojos-mi-voz\/#primaryimage"},"image":{"@id":"https:\/\/www.iaph.es\/patrimonioygenero\/a-tus-ojos-mi-voz\/#primaryimage"},"thumbnailUrl":"https:\/\/www.iaph.es\/patrimonioygenero\/wp-content\/uploads\/2024\/05\/2022_11_28_ATOMV_ILUSTRACION-_2_.webp","datePublished":"2024-05-10T07:42:59+00:00","dateModified":"2025-01-28T22:24:24+00:00","breadcrumb":{"@id":"https:\/\/www.iaph.es\/patrimonioygenero\/a-tus-ojos-mi-voz\/#breadcrumb"},"inLanguage":"es","potentialAction":[{"@type":"ReadAction","target":["https:\/\/www.iaph.es\/patrimonioygenero\/a-tus-ojos-mi-voz\/"]}]},{"@type":"ImageObject","inLanguage":"es","@id":"https:\/\/www.iaph.es\/patrimonioygenero\/a-tus-ojos-mi-voz\/#primaryimage","url":"https:\/\/www.iaph.es\/patrimonioygenero\/wp-content\/uploads\/2024\/05\/2022_11_28_ATOMV_ILUSTRACION-_2_.webp","contentUrl":"https:\/\/www.iaph.es\/patrimonioygenero\/wp-content\/uploads\/2024\/05\/2022_11_28_ATOMV_ILUSTRACION-_2_.webp","width":900,"height":900,"caption":"Ilustraci\u00f3n del proyecto \"A tus ojos mi voz\""},{"@type":"BreadcrumbList","@id":"https:\/\/www.iaph.es\/patrimonioygenero\/a-tus-ojos-mi-voz\/#breadcrumb","itemListElement":[{"@type":"ListItem","position":1,"name":"Portada","item":"https:\/\/www.iaph.es\/patrimonioygenero\/"},{"@type":"ListItem","position":2,"name":"A tus ojos mi voz"}]},{"@type":"WebSite","@id":"https:\/\/www.iaph.es\/patrimonioygenero\/#website","url":"https:\/\/www.iaph.es\/patrimonioygenero\/","name":"IAPH 2024","description":"","potentialAction":[{"@type":"SearchAction","target":{"@type":"EntryPoint","urlTemplate":"https:\/\/www.iaph.es\/patrimonioygenero\/?s={search_term_string}"},"query-input":{"@type":"PropertyValueSpecification","valueRequired":true,"valueName":"search_term_string"}}],"inLanguage":"es"}]}},"_links":{"self":[{"href":"https:\/\/www.iaph.es\/patrimonioygenero\/wp-json\/wp\/v2\/pages\/238","targetHints":{"allow":["GET"]}}],"collection":[{"href":"https:\/\/www.iaph.es\/patrimonioygenero\/wp-json\/wp\/v2\/pages"}],"about":[{"href":"https:\/\/www.iaph.es\/patrimonioygenero\/wp-json\/wp\/v2\/types\/page"}],"author":[{"embeddable":true,"href":"https:\/\/www.iaph.es\/patrimonioygenero\/wp-json\/wp\/v2\/users\/1"}],"replies":[{"embeddable":true,"href":"https:\/\/www.iaph.es\/patrimonioygenero\/wp-json\/wp\/v2\/comments?post=238"}],"version-history":[{"count":55,"href":"https:\/\/www.iaph.es\/patrimonioygenero\/wp-json\/wp\/v2\/pages\/238\/revisions"}],"predecessor-version":[{"id":1159,"href":"https:\/\/www.iaph.es\/patrimonioygenero\/wp-json\/wp\/v2\/pages\/238\/revisions\/1159"}],"wp:attachment":[{"href":"https:\/\/www.iaph.es\/patrimonioygenero\/wp-json\/wp\/v2\/media?parent=238"}],"curies":[{"name":"wp","href":"https:\/\/api.w.org\/{rel}","templated":true}]}}