{"id":534,"date":"2024-05-21T12:20:20","date_gmt":"2024-05-21T12:20:20","guid":{"rendered":"https:\/\/www.iaph.es\/patrimonioygenero\/?page_id=534"},"modified":"2024-09-24T10:56:38","modified_gmt":"2024-09-24T10:56:38","slug":"podcast","status":"publish","type":"page","link":"https:\/\/www.iaph.es\/patrimonioygenero\/podcast\/","title":{"rendered":"Podcast"},"content":{"rendered":"\t\t<div data-elementor-type=\"wp-page\" data-elementor-id=\"534\" class=\"elementor elementor-534\" data-elementor-post-type=\"page\">\n\t\t\t\t<div class=\"elementor-element elementor-element-bcf211d e-flex e-con-boxed e-con e-parent\" data-id=\"bcf211d\" data-element_type=\"container\" data-e-type=\"container\">\n\t\t\t\t\t<div class=\"e-con-inner\">\n\t\t\t\t<div class=\"elementor-element elementor-element-cde09b1 elementor-widget-divider--view-line elementor-widget elementor-widget-divider\" data-id=\"cde09b1\" data-element_type=\"widget\" data-e-type=\"widget\" data-widget_type=\"divider.default\">\n\t\t\t\t<div class=\"elementor-widget-container\">\n\t\t\t\t\t\t\t<div class=\"elementor-divider\">\n\t\t\t<span class=\"elementor-divider-separator\">\n\t\t\t\t\t\t<\/span>\n\t\t<\/div>\n\t\t\t\t\t\t<\/div>\n\t\t\t\t<\/div>\n\t\t\t\t<div class=\"elementor-element elementor-element-fddbb58 elementor-widget elementor-widget-heading\" data-id=\"fddbb58\" data-element_type=\"widget\" data-e-type=\"widget\" data-widget_type=\"heading.default\">\n\t\t\t\t<div class=\"elementor-widget-container\">\n\t\t\t\t\t<h2 class=\"elementor-heading-title elementor-size-default\">Podcast<\/h2>\t\t\t\t<\/div>\n\t\t\t\t<\/div>\n\t\t\t\t<div class=\"elementor-element elementor-element-b2f5ad8 elementor-widget elementor-widget-text-editor\" data-id=\"b2f5ad8\" data-element_type=\"widget\" data-e-type=\"widget\" data-widget_type=\"text-editor.default\">\n\t\t\t\t<div class=\"elementor-widget-container\">\n\t\t\t\t\t\t\t\t\t<p>Este es uno de los lugares del proyecto donde utilizar la tecnolog\u00eda del podcasting, en favor de la difusi\u00f3n del patrimonio.\u00a0 En este caso concreto, patrimonio inmaterial con perspectiva de g\u00e9nero. El contenido del podcast es material creado y registrado en el \u00e1mbito del proyecto, y pone voz a las mujeres que prestaron su testimonio en el proceso de investigaci\u00f3n y creaci\u00f3n de la red de informantes. Se convierte pues en una forma literal de contar el programa.<\/p><p>Estructurado en 6 cap\u00edtulos, desarrollan el proceso de investigaci\u00f3n.<\/p>\t\t\t\t\t\t\t\t<\/div>\n\t\t\t\t<\/div>\n\t\t<div class=\"elementor-element elementor-element-b5616b4 e-con-full e-flex e-con e-child\" data-id=\"b5616b4\" data-element_type=\"container\" data-e-type=\"container\">\n\t\t<div class=\"elementor-element elementor-element-93c1bbe e-con-full e-flex e-con e-child\" data-id=\"93c1bbe\" data-element_type=\"container\" data-e-type=\"container\">\n\t\t<div class=\"elementor-element elementor-element-7d8c7da e-con-full e-flex e-con e-child\" data-id=\"7d8c7da\" data-element_type=\"container\" data-e-type=\"container\">\n\t\t\t\t<div class=\"elementor-element elementor-element-b666e81 elementor-widget elementor-widget-image\" data-id=\"b666e81\" data-element_type=\"widget\" data-e-type=\"widget\" data-widget_type=\"image.default\">\n\t\t\t\t<div class=\"elementor-widget-container\">\n\t\t\t\t\t\t\t\t\t\t\t\t\t\t\t<img fetchpriority=\"high\" decoding=\"async\" width=\"800\" height=\"800\" src=\"https:\/\/www.iaph.es\/patrimonioygenero\/wp-content\/uploads\/2024\/05\/1-1.png\" class=\"attachment-full size-full wp-image-657\" alt=\"Cap\u00edtulo 1 del Podcast titulado &quot;\" srcset=\"https:\/\/www.iaph.es\/patrimonioygenero\/wp-content\/uploads\/2024\/05\/1-1.png 800w, https:\/\/www.iaph.es\/patrimonioygenero\/wp-content\/uploads\/2024\/05\/1-1-300x300.png 300w, https:\/\/www.iaph.es\/patrimonioygenero\/wp-content\/uploads\/2024\/05\/1-1-150x150.png 150w, https:\/\/www.iaph.es\/patrimonioygenero\/wp-content\/uploads\/2024\/05\/1-1-768x768.png 768w\" sizes=\"(max-width: 800px) 100vw, 800px\" \/>\t\t\t\t\t\t\t\t\t\t\t\t\t\t\t<\/div>\n\t\t\t\t<\/div>\n\t\t\t\t<\/div>\n\t\t<div class=\"elementor-element elementor-element-051954c e-con-full e-flex e-con e-child\" data-id=\"051954c\" data-element_type=\"container\" data-e-type=\"container\">\n\t\t\t\t<div class=\"elementor-element elementor-element-25c56fb elementor-widget elementor-widget-heading\" data-id=\"25c56fb\" data-element_type=\"widget\" data-e-type=\"widget\" data-widget_type=\"heading.default\">\n\t\t\t\t<div class=\"elementor-widget-container\">\n\t\t\t\t\t<h2 class=\"elementor-heading-title elementor-size-default\">Cap\u00edtulo 1 - Hist\u00f3ricamente<\/h2>\t\t\t\t<\/div>\n\t\t\t\t<\/div>\n\t\t\t\t<div class=\"elementor-element elementor-element-ae513a4 elementor-widget elementor-widget-text-editor\" data-id=\"ae513a4\" data-element_type=\"widget\" data-e-type=\"widget\" data-widget_type=\"text-editor.default\">\n\t\t\t\t<div class=\"elementor-widget-container\">\n\t\t\t\t\t\t\t\t\t<p>Donde se cuenta el lugar que la mujer ha ocupado tradicionalmente en el mundo laboral.<\/p>\t\t\t\t\t\t\t\t<\/div>\n\t\t\t\t<\/div>\n\t\t\t\t<div class=\"elementor-element elementor-element-4ce4147 elementor-widget-mobile__width-initial elementor-widget elementor-widget-wp-widget-media_audio\" data-id=\"4ce4147\" data-element_type=\"widget\" data-e-type=\"widget\" data-widget_type=\"wp-widget-media_audio.default\">\n\t\t\t\t<div class=\"elementor-widget-container\">\n\t\t\t\t\t<audio class=\"wp-audio-shortcode\" id=\"audio-534-1\" preload=\"none\" style=\"width: 100%;\" controls=\"controls\"><source type=\"audio\/mpeg\" src=\"https:\/\/www.iaph.es\/patrimonioygenero\/wp-content\/uploads\/2024\/05\/1-HISTORICAMANTE-1.mp3?_=1\" \/><source type=\"audio\/mpeg\" src=\"https:\/\/www.iaph.es\/patrimonioygenero\/wp-content\/uploads\/2024\/05\/1-HISTORICAMANTE-1.mp3?_=1\" \/><a href=\"https:\/\/www.iaph.es\/patrimonioygenero\/wp-content\/uploads\/2024\/05\/1-HISTORICAMANTE-1.mp3\">https:\/\/www.iaph.es\/patrimonioygenero\/wp-content\/uploads\/2024\/05\/1-HISTORICAMANTE-1.mp3<\/a><\/audio>\t\t\t\t<\/div>\n\t\t\t\t<\/div>\n\t\t\t\t<\/div>\n\t\t\t\t<\/div>\n\t\t<div class=\"elementor-element elementor-element-08e4142 e-con-full e-flex e-con e-child\" data-id=\"08e4142\" data-element_type=\"container\" data-e-type=\"container\">\n\t\t<div class=\"elementor-element elementor-element-f84fb4c e-con-full e-flex e-con e-child\" data-id=\"f84fb4c\" data-element_type=\"container\" data-e-type=\"container\">\n\t\t\t\t<div class=\"elementor-element elementor-element-45bcdf6 elementor-widget elementor-widget-image\" data-id=\"45bcdf6\" data-element_type=\"widget\" data-e-type=\"widget\" data-widget_type=\"image.default\">\n\t\t\t\t<div class=\"elementor-widget-container\">\n\t\t\t\t\t\t\t\t\t\t\t\t\t\t\t<img decoding=\"async\" width=\"800\" height=\"800\" src=\"https:\/\/www.iaph.es\/patrimonioygenero\/wp-content\/uploads\/2024\/05\/2-1.png\" class=\"attachment-full size-full wp-image-658\" alt=\"Cap\u00edtulo 2 del Podcast titulado &quot;Violencia de G\u00e9nero&quot;\" srcset=\"https:\/\/www.iaph.es\/patrimonioygenero\/wp-content\/uploads\/2024\/05\/2-1.png 800w, https:\/\/www.iaph.es\/patrimonioygenero\/wp-content\/uploads\/2024\/05\/2-1-300x300.png 300w, https:\/\/www.iaph.es\/patrimonioygenero\/wp-content\/uploads\/2024\/05\/2-1-150x150.png 150w, https:\/\/www.iaph.es\/patrimonioygenero\/wp-content\/uploads\/2024\/05\/2-1-768x768.png 768w\" sizes=\"(max-width: 800px) 100vw, 800px\" \/>\t\t\t\t\t\t\t\t\t\t\t\t\t\t\t<\/div>\n\t\t\t\t<\/div>\n\t\t\t\t<\/div>\n\t\t<div class=\"elementor-element elementor-element-1d03934 e-con-full e-flex e-con e-child\" data-id=\"1d03934\" data-element_type=\"container\" data-e-type=\"container\">\n\t\t\t\t<div class=\"elementor-element elementor-element-c4a8af3 elementor-widget elementor-widget-heading\" data-id=\"c4a8af3\" data-element_type=\"widget\" data-e-type=\"widget\" data-widget_type=\"heading.default\">\n\t\t\t\t<div class=\"elementor-widget-container\">\n\t\t\t\t\t<h2 class=\"elementor-heading-title elementor-size-default\">Cap\u00edtulo 2 - Violencia de G\u00e9nero<\/h2>\t\t\t\t<\/div>\n\t\t\t\t<\/div>\n\t\t\t\t<div class=\"elementor-element elementor-element-6c5f0b6 elementor-widget elementor-widget-text-editor\" data-id=\"6c5f0b6\" data-element_type=\"widget\" data-e-type=\"widget\" data-widget_type=\"text-editor.default\">\n\t\t\t\t<div class=\"elementor-widget-container\">\n\t\t\t\t\t\t\t\t\t<p>Donde se cuenta el desarrollo de este concepto en los \u00e1mbitos de investigaci\u00f3n del proyecto.\u00a0<\/p>\t\t\t\t\t\t\t\t<\/div>\n\t\t\t\t<\/div>\n\t\t\t\t<div class=\"elementor-element elementor-element-df68e96 elementor-widget elementor-widget-wp-widget-media_audio\" data-id=\"df68e96\" data-element_type=\"widget\" data-e-type=\"widget\" data-widget_type=\"wp-widget-media_audio.default\">\n\t\t\t\t<div class=\"elementor-widget-container\">\n\t\t\t\t\t<audio class=\"wp-audio-shortcode\" id=\"audio-534-2\" preload=\"none\" style=\"width: 100%;\" controls=\"controls\"><source type=\"audio\/mpeg\" src=\"https:\/\/www.iaph.es\/patrimonioygenero\/wp-content\/uploads\/2024\/05\/2-VIOLENCIA-DE-GENERO-1.mp3?_=2\" \/><source type=\"audio\/mpeg\" src=\"https:\/\/www.iaph.es\/patrimonioygenero\/wp-content\/uploads\/2024\/05\/2-VIOLENCIA-DE-GENERO-1.mp3?_=2\" \/><a href=\"https:\/\/www.iaph.es\/patrimonioygenero\/wp-content\/uploads\/2024\/05\/2-VIOLENCIA-DE-GENERO-1.mp3\">https:\/\/www.iaph.es\/patrimonioygenero\/wp-content\/uploads\/2024\/05\/2-VIOLENCIA-DE-GENERO-1.mp3<\/a><\/audio>\t\t\t\t<\/div>\n\t\t\t\t<\/div>\n\t\t\t\t<\/div>\n\t\t\t\t<\/div>\n\t\t<div class=\"elementor-element elementor-element-23ea86f e-con-full e-flex e-con e-child\" data-id=\"23ea86f\" data-element_type=\"container\" data-e-type=\"container\">\n\t\t<div class=\"elementor-element elementor-element-b38bcf2 e-con-full e-flex e-con e-child\" data-id=\"b38bcf2\" data-element_type=\"container\" data-e-type=\"container\">\n\t\t\t\t<div class=\"elementor-element elementor-element-834b9ee elementor-widget elementor-widget-image\" data-id=\"834b9ee\" data-element_type=\"widget\" data-e-type=\"widget\" data-widget_type=\"image.default\">\n\t\t\t\t<div class=\"elementor-widget-container\">\n\t\t\t\t\t\t\t\t\t\t\t\t\t\t\t<img decoding=\"async\" width=\"800\" height=\"800\" src=\"https:\/\/www.iaph.es\/patrimonioygenero\/wp-content\/uploads\/2024\/05\/3-1.png\" class=\"attachment-full size-full wp-image-659\" alt=\"Cap\u00edtulo 3 del Podcast titulado &quot;Sobre el proyecto \u2013 Historias de vida&quot;\" srcset=\"https:\/\/www.iaph.es\/patrimonioygenero\/wp-content\/uploads\/2024\/05\/3-1.png 800w, https:\/\/www.iaph.es\/patrimonioygenero\/wp-content\/uploads\/2024\/05\/3-1-300x300.png 300w, https:\/\/www.iaph.es\/patrimonioygenero\/wp-content\/uploads\/2024\/05\/3-1-150x150.png 150w, https:\/\/www.iaph.es\/patrimonioygenero\/wp-content\/uploads\/2024\/05\/3-1-768x768.png 768w\" sizes=\"(max-width: 800px) 100vw, 800px\" \/>\t\t\t\t\t\t\t\t\t\t\t\t\t\t\t<\/div>\n\t\t\t\t<\/div>\n\t\t\t\t<\/div>\n\t\t<div class=\"elementor-element elementor-element-3312d40 e-con-full e-flex e-con e-child\" data-id=\"3312d40\" data-element_type=\"container\" data-e-type=\"container\">\n\t\t\t\t<div class=\"elementor-element elementor-element-24f2132 elementor-widget elementor-widget-heading\" data-id=\"24f2132\" data-element_type=\"widget\" data-e-type=\"widget\" data-widget_type=\"heading.default\">\n\t\t\t\t<div class=\"elementor-widget-container\">\n\t\t\t\t\t<h2 class=\"elementor-heading-title elementor-size-default\">Cap\u00edtulo 3 - Sobre el proyecto \u2013 Historias de vida<\/h2>\t\t\t\t<\/div>\n\t\t\t\t<\/div>\n\t\t\t\t<div class=\"elementor-element elementor-element-8a0ce73 elementor-widget elementor-widget-text-editor\" data-id=\"8a0ce73\" data-element_type=\"widget\" data-e-type=\"widget\" data-widget_type=\"text-editor.default\">\n\t\t\t\t<div class=\"elementor-widget-container\">\n\t\t\t\t\t\t\t\t\t<p>Donde se narran idea base del proyecto, y las historias de vida de las informantes.<\/p>\t\t\t\t\t\t\t\t<\/div>\n\t\t\t\t<\/div>\n\t\t\t\t<div class=\"elementor-element elementor-element-8dba746 elementor-widget elementor-widget-wp-widget-media_audio\" data-id=\"8dba746\" data-element_type=\"widget\" data-e-type=\"widget\" data-widget_type=\"wp-widget-media_audio.default\">\n\t\t\t\t<div class=\"elementor-widget-container\">\n\t\t\t\t\t<audio class=\"wp-audio-shortcode\" id=\"audio-534-3\" preload=\"none\" style=\"width: 100%;\" controls=\"controls\"><source type=\"audio\/mpeg\" src=\"https:\/\/www.iaph.es\/patrimonioygenero\/wp-content\/uploads\/2024\/05\/3-SOBRE-EL-PROYECTO-1.mp3?_=3\" \/><source type=\"audio\/mpeg\" src=\"https:\/\/www.iaph.es\/patrimonioygenero\/wp-content\/uploads\/2024\/05\/3-SOBRE-EL-PROYECTO-1.mp3?_=3\" \/><a href=\"https:\/\/www.iaph.es\/patrimonioygenero\/wp-content\/uploads\/2024\/05\/3-SOBRE-EL-PROYECTO-1.mp3\">https:\/\/www.iaph.es\/patrimonioygenero\/wp-content\/uploads\/2024\/05\/3-SOBRE-EL-PROYECTO-1.mp3<\/a><\/audio>\t\t\t\t<\/div>\n\t\t\t\t<\/div>\n\t\t\t\t<\/div>\n\t\t\t\t<\/div>\n\t\t<div class=\"elementor-element elementor-element-8de60b6 e-con-full e-flex e-con e-child\" data-id=\"8de60b6\" data-element_type=\"container\" data-e-type=\"container\">\n\t\t<div class=\"elementor-element elementor-element-38e4a73 e-con-full e-flex e-con e-child\" data-id=\"38e4a73\" data-element_type=\"container\" data-e-type=\"container\">\n\t\t\t\t<div class=\"elementor-element elementor-element-dbbdecd elementor-widget elementor-widget-image\" data-id=\"dbbdecd\" data-element_type=\"widget\" data-e-type=\"widget\" data-widget_type=\"image.default\">\n\t\t\t\t<div class=\"elementor-widget-container\">\n\t\t\t\t\t\t\t\t\t\t\t\t\t\t\t<img loading=\"lazy\" decoding=\"async\" width=\"800\" height=\"800\" src=\"https:\/\/www.iaph.es\/patrimonioygenero\/wp-content\/uploads\/2024\/05\/4.png\" class=\"attachment-full size-full wp-image-493\" alt=\"Cap\u00edtulo 4 del Podcast titulado &quot;Mujeres del Mar&quot;\" srcset=\"https:\/\/www.iaph.es\/patrimonioygenero\/wp-content\/uploads\/2024\/05\/4.png 800w, https:\/\/www.iaph.es\/patrimonioygenero\/wp-content\/uploads\/2024\/05\/4-300x300.png 300w, https:\/\/www.iaph.es\/patrimonioygenero\/wp-content\/uploads\/2024\/05\/4-150x150.png 150w, https:\/\/www.iaph.es\/patrimonioygenero\/wp-content\/uploads\/2024\/05\/4-768x768.png 768w\" sizes=\"(max-width: 800px) 100vw, 800px\" \/>\t\t\t\t\t\t\t\t\t\t\t\t\t\t\t<\/div>\n\t\t\t\t<\/div>\n\t\t\t\t<\/div>\n\t\t<div class=\"elementor-element elementor-element-ef53d41 e-con-full e-flex e-con e-child\" data-id=\"ef53d41\" data-element_type=\"container\" data-e-type=\"container\">\n\t\t\t\t<div class=\"elementor-element elementor-element-37bb8e0 elementor-widget elementor-widget-heading\" data-id=\"37bb8e0\" data-element_type=\"widget\" data-e-type=\"widget\" data-widget_type=\"heading.default\">\n\t\t\t\t<div class=\"elementor-widget-container\">\n\t\t\t\t\t<h2 class=\"elementor-heading-title elementor-size-default\">Cap\u00edtulo 4 - Mujeres del mar<\/h2>\t\t\t\t<\/div>\n\t\t\t\t<\/div>\n\t\t\t\t<div class=\"elementor-element elementor-element-90cfdc9 elementor-widget elementor-widget-text-editor\" data-id=\"90cfdc9\" data-element_type=\"widget\" data-e-type=\"widget\" data-widget_type=\"text-editor.default\">\n\t\t\t\t<div class=\"elementor-widget-container\">\n\t\t\t\t\t\t\t\t\t<p>Donde se ofrece informaci\u00f3n de lo detectado en este colectivo, en referencia al proyecto.<\/p>\t\t\t\t\t\t\t\t<\/div>\n\t\t\t\t<\/div>\n\t\t\t\t<div class=\"elementor-element elementor-element-85d9c73 elementor-widget-tablet__width-initial elementor-widget elementor-widget-wp-widget-media_audio\" data-id=\"85d9c73\" data-element_type=\"widget\" data-e-type=\"widget\" data-widget_type=\"wp-widget-media_audio.default\">\n\t\t\t\t<div class=\"elementor-widget-container\">\n\t\t\t\t\t<audio class=\"wp-audio-shortcode\" id=\"audio-534-4\" preload=\"none\" style=\"width: 100%;\" controls=\"controls\"><source type=\"audio\/mpeg\" src=\"https:\/\/www.iaph.es\/patrimonioygenero\/wp-content\/uploads\/2024\/05\/4-mujeres-del-mar-1.mp3?_=4\" \/><source type=\"audio\/mpeg\" src=\"https:\/\/www.iaph.es\/patrimonioygenero\/wp-content\/uploads\/2024\/05\/4-mujeres-del-mar-1.mp3?_=4\" \/><a href=\"https:\/\/www.iaph.es\/patrimonioygenero\/wp-content\/uploads\/2024\/05\/4-mujeres-del-mar-1.mp3\">https:\/\/www.iaph.es\/patrimonioygenero\/wp-content\/uploads\/2024\/05\/4-mujeres-del-mar-1.mp3<\/a><\/audio>\t\t\t\t<\/div>\n\t\t\t\t<\/div>\n\t\t\t\t<\/div>\n\t\t\t\t<\/div>\n\t\t<div class=\"elementor-element elementor-element-1b2eaad e-con-full e-flex e-con e-child\" data-id=\"1b2eaad\" data-element_type=\"container\" data-e-type=\"container\">\n\t\t<div class=\"elementor-element elementor-element-3eed097 e-con-full e-flex e-con e-child\" data-id=\"3eed097\" data-element_type=\"container\" data-e-type=\"container\">\n\t\t\t\t<div class=\"elementor-element elementor-element-82d7134 elementor-widget elementor-widget-image\" data-id=\"82d7134\" data-element_type=\"widget\" data-e-type=\"widget\" data-widget_type=\"image.default\">\n\t\t\t\t<div class=\"elementor-widget-container\">\n\t\t\t\t\t\t\t\t\t\t\t\t\t\t\t<img loading=\"lazy\" decoding=\"async\" width=\"800\" height=\"800\" src=\"https:\/\/www.iaph.es\/patrimonioygenero\/wp-content\/uploads\/2024\/05\/5.png\" class=\"attachment-full size-full wp-image-494\" alt=\"Cap\u00edtulo 5 del Podcast titulado &quot;Mujeres Ganaderas&quot;\" srcset=\"https:\/\/www.iaph.es\/patrimonioygenero\/wp-content\/uploads\/2024\/05\/5.png 800w, https:\/\/www.iaph.es\/patrimonioygenero\/wp-content\/uploads\/2024\/05\/5-300x300.png 300w, https:\/\/www.iaph.es\/patrimonioygenero\/wp-content\/uploads\/2024\/05\/5-150x150.png 150w, https:\/\/www.iaph.es\/patrimonioygenero\/wp-content\/uploads\/2024\/05\/5-768x768.png 768w\" sizes=\"(max-width: 800px) 100vw, 800px\" \/>\t\t\t\t\t\t\t\t\t\t\t\t\t\t\t<\/div>\n\t\t\t\t<\/div>\n\t\t\t\t<\/div>\n\t\t<div class=\"elementor-element elementor-element-64e793b e-con-full e-flex e-con e-child\" data-id=\"64e793b\" data-element_type=\"container\" data-e-type=\"container\">\n\t\t\t\t<div class=\"elementor-element elementor-element-206ecb8 elementor-widget elementor-widget-heading\" data-id=\"206ecb8\" data-element_type=\"widget\" data-e-type=\"widget\" data-widget_type=\"heading.default\">\n\t\t\t\t<div class=\"elementor-widget-container\">\n\t\t\t\t\t<h2 class=\"elementor-heading-title elementor-size-default\">Cap\u00edtulo 5 - Mujeres Ganaderas<\/h2>\t\t\t\t<\/div>\n\t\t\t\t<\/div>\n\t\t\t\t<div class=\"elementor-element elementor-element-1732d0a elementor-widget elementor-widget-text-editor\" data-id=\"1732d0a\" data-element_type=\"widget\" data-e-type=\"widget\" data-widget_type=\"text-editor.default\">\n\t\t\t\t<div class=\"elementor-widget-container\">\n\t\t\t\t\t\t\t\t\t<p>Donde se ofrece informaci\u00f3n de lo detectado en este colectivo, en referencia al proyecto.<\/p>\t\t\t\t\t\t\t\t<\/div>\n\t\t\t\t<\/div>\n\t\t\t\t<div class=\"elementor-element elementor-element-6bb66d5 elementor-widget elementor-widget-wp-widget-media_audio\" data-id=\"6bb66d5\" data-element_type=\"widget\" data-e-type=\"widget\" data-widget_type=\"wp-widget-media_audio.default\">\n\t\t\t\t<div class=\"elementor-widget-container\">\n\t\t\t\t\t<audio class=\"wp-audio-shortcode\" id=\"audio-534-5\" preload=\"none\" style=\"width: 100%;\" controls=\"controls\"><source type=\"audio\/mpeg\" src=\"https:\/\/www.iaph.es\/patrimonioygenero\/wp-content\/uploads\/2024\/05\/5-mujeres-GANADERAS-1.mp3?_=5\" \/><source type=\"audio\/mpeg\" src=\"https:\/\/www.iaph.es\/patrimonioygenero\/wp-content\/uploads\/2024\/05\/5-mujeres-GANADERAS-1.mp3?_=5\" \/><a href=\"https:\/\/www.iaph.es\/patrimonioygenero\/wp-content\/uploads\/2024\/05\/5-mujeres-GANADERAS-1.mp3\">https:\/\/www.iaph.es\/patrimonioygenero\/wp-content\/uploads\/2024\/05\/5-mujeres-GANADERAS-1.mp3<\/a><\/audio>\t\t\t\t<\/div>\n\t\t\t\t<\/div>\n\t\t\t\t<\/div>\n\t\t\t\t<\/div>\n\t\t<div class=\"elementor-element elementor-element-9de84ac e-con-full e-flex e-con e-child\" data-id=\"9de84ac\" data-element_type=\"container\" data-e-type=\"container\">\n\t\t<div class=\"elementor-element elementor-element-7f26ad6 e-con-full e-flex e-con e-child\" data-id=\"7f26ad6\" data-element_type=\"container\" data-e-type=\"container\">\n\t\t\t\t<div class=\"elementor-element elementor-element-70b0fb2 elementor-widget elementor-widget-image\" data-id=\"70b0fb2\" data-element_type=\"widget\" data-e-type=\"widget\" data-widget_type=\"image.default\">\n\t\t\t\t<div class=\"elementor-widget-container\">\n\t\t\t\t\t\t\t\t\t\t\t\t\t\t\t<img loading=\"lazy\" decoding=\"async\" width=\"800\" height=\"800\" src=\"https:\/\/www.iaph.es\/patrimonioygenero\/wp-content\/uploads\/2024\/05\/6.png\" class=\"attachment-full size-full wp-image-495\" alt=\"Cap\u00edtulo 5 del Podcast titulado &quot;Mujeres Arque\u00f3logas subacu\u00e1ticas&quot;\" srcset=\"https:\/\/www.iaph.es\/patrimonioygenero\/wp-content\/uploads\/2024\/05\/6.png 800w, https:\/\/www.iaph.es\/patrimonioygenero\/wp-content\/uploads\/2024\/05\/6-300x300.png 300w, https:\/\/www.iaph.es\/patrimonioygenero\/wp-content\/uploads\/2024\/05\/6-150x150.png 150w, https:\/\/www.iaph.es\/patrimonioygenero\/wp-content\/uploads\/2024\/05\/6-768x768.png 768w\" sizes=\"(max-width: 800px) 100vw, 800px\" \/>\t\t\t\t\t\t\t\t\t\t\t\t\t\t\t<\/div>\n\t\t\t\t<\/div>\n\t\t\t\t<\/div>\n\t\t<div class=\"elementor-element elementor-element-edc881c e-con-full e-flex e-con e-child\" data-id=\"edc881c\" data-element_type=\"container\" data-e-type=\"container\">\n\t\t\t\t<div class=\"elementor-element elementor-element-87f6003 elementor-widget elementor-widget-heading\" data-id=\"87f6003\" data-element_type=\"widget\" data-e-type=\"widget\" data-widget_type=\"heading.default\">\n\t\t\t\t<div class=\"elementor-widget-container\">\n\t\t\t\t\t<h2 class=\"elementor-heading-title elementor-size-default\">Cap\u00edtulo 6 - Mujeres arque\u00f3logas subacu\u00e1ticas<\/h2>\t\t\t\t<\/div>\n\t\t\t\t<\/div>\n\t\t\t\t<div class=\"elementor-element elementor-element-e807e30 elementor-widget elementor-widget-text-editor\" data-id=\"e807e30\" data-element_type=\"widget\" data-e-type=\"widget\" data-widget_type=\"text-editor.default\">\n\t\t\t\t<div class=\"elementor-widget-container\">\n\t\t\t\t\t\t\t\t\t<p>Donde se ofrece informaci\u00f3n de lo detectado en este colectivo, en referencia al proyecto.<\/p>\t\t\t\t\t\t\t\t<\/div>\n\t\t\t\t<\/div>\n\t\t\t\t<div class=\"elementor-element elementor-element-1692c4b elementor-widget elementor-widget-wp-widget-media_audio\" data-id=\"1692c4b\" data-element_type=\"widget\" data-e-type=\"widget\" data-widget_type=\"wp-widget-media_audio.default\">\n\t\t\t\t<div class=\"elementor-widget-container\">\n\t\t\t\t\t<audio class=\"wp-audio-shortcode\" id=\"audio-534-6\" preload=\"none\" style=\"width: 100%;\" controls=\"controls\"><source type=\"audio\/mpeg\" src=\"https:\/\/www.iaph.es\/patrimonioygenero\/wp-content\/uploads\/2024\/05\/arqueologas-subacuaticas-1.mp3?_=6\" \/><source type=\"audio\/mpeg\" src=\"https:\/\/www.iaph.es\/patrimonioygenero\/wp-content\/uploads\/2024\/05\/arqueologas-subacuaticas-1.mp3?_=6\" \/><a href=\"https:\/\/www.iaph.es\/patrimonioygenero\/wp-content\/uploads\/2024\/05\/arqueologas-subacuaticas-1.mp3\">https:\/\/www.iaph.es\/patrimonioygenero\/wp-content\/uploads\/2024\/05\/arqueologas-subacuaticas-1.mp3<\/a><\/audio>\t\t\t\t<\/div>\n\t\t\t\t<\/div>\n\t\t\t\t<\/div>\n\t\t\t\t<\/div>\n\t\t\t\t<\/div>\n\t\t\t\t\t<\/div>\n\t\t\t\t<\/div>\n\t\t\t\t<\/div>\n\t\t","protected":false},"excerpt":{"rendered":"<p>Podcast Este es uno de los lugares del proyecto donde utilizar la tecnolog\u00eda del podcasting, en favor de la difusi\u00f3n del patrimonio.\u00a0 En este caso concreto, patrimonio inmaterial con perspectiva de g\u00e9nero. El contenido del podcast es material creado y registrado en el \u00e1mbito del proyecto, y pone voz a las mujeres que prestaron su [&hellip;]<\/p>\n","protected":false},"author":1,"featured_media":0,"parent":0,"menu_order":0,"comment_status":"closed","ping_status":"closed","template":"","meta":{"footnotes":""},"class_list":["post-534","page","type-page","status-publish","hentry"],"yoast_head":"<!-- This site is optimized with the Yoast SEO plugin v27.2 - https:\/\/yoast.com\/product\/yoast-seo-wordpress\/ -->\n<title>Podcast - Patrimonio y g\u00e9nero<\/title>\n<meta name=\"robots\" content=\"index, follow, max-snippet:-1, max-image-preview:large, max-video-preview:-1\" \/>\n<link rel=\"canonical\" href=\"https:\/\/www.iaph.es\/patrimonioygenero\/podcast\/\" \/>\n<meta property=\"og:locale\" content=\"es_ES\" \/>\n<meta property=\"og:type\" content=\"article\" \/>\n<meta property=\"og:title\" content=\"Podcast - Patrimonio y g\u00e9nero\" \/>\n<meta property=\"og:description\" content=\"Podcast Este es uno de los lugares del proyecto donde utilizar la tecnolog\u00eda del podcasting, en favor de la difusi\u00f3n del patrimonio.\u00a0 En este caso concreto, patrimonio inmaterial con perspectiva de g\u00e9nero. El contenido del podcast es material creado y registrado en el \u00e1mbito del proyecto, y pone voz a las mujeres que prestaron su [&hellip;]\" \/>\n<meta property=\"og:url\" content=\"https:\/\/www.iaph.es\/patrimonioygenero\/podcast\/\" \/>\n<meta property=\"og:site_name\" content=\"Patrimonio y g\u00e9nero\" \/>\n<meta property=\"article:modified_time\" content=\"2024-09-24T10:56:38+00:00\" \/>\n<meta property=\"og:image\" content=\"https:\/\/www.iaph.es\/patrimonioygenero\/wp-content\/uploads\/2024\/05\/1-1.png\" \/>\n<meta name=\"twitter:card\" content=\"summary_large_image\" \/>\n<meta name=\"twitter:label1\" content=\"Tiempo de lectura\" \/>\n\t<meta name=\"twitter:data1\" content=\"1 minuto\" \/>\n<script type=\"application\/ld+json\" class=\"yoast-schema-graph\">{\"@context\":\"https:\/\/schema.org\",\"@graph\":[{\"@type\":\"WebPage\",\"@id\":\"https:\/\/www.iaph.es\/patrimonioygenero\/podcast\/\",\"url\":\"https:\/\/www.iaph.es\/patrimonioygenero\/podcast\/\",\"name\":\"Podcast - Patrimonio y g\u00e9nero\",\"isPartOf\":{\"@id\":\"https:\/\/www.iaph.es\/patrimonioygenero\/#website\"},\"primaryImageOfPage\":{\"@id\":\"https:\/\/www.iaph.es\/patrimonioygenero\/podcast\/#primaryimage\"},\"image\":{\"@id\":\"https:\/\/www.iaph.es\/patrimonioygenero\/podcast\/#primaryimage\"},\"thumbnailUrl\":\"https:\/\/www.iaph.es\/patrimonioygenero\/wp-content\/uploads\/2024\/05\/1-1.png\",\"datePublished\":\"2024-05-21T12:20:20+00:00\",\"dateModified\":\"2024-09-24T10:56:38+00:00\",\"breadcrumb\":{\"@id\":\"https:\/\/www.iaph.es\/patrimonioygenero\/podcast\/#breadcrumb\"},\"inLanguage\":\"es\",\"potentialAction\":[{\"@type\":\"ReadAction\",\"target\":[\"https:\/\/www.iaph.es\/patrimonioygenero\/podcast\/\"]}]},{\"@type\":\"ImageObject\",\"inLanguage\":\"es\",\"@id\":\"https:\/\/www.iaph.es\/patrimonioygenero\/podcast\/#primaryimage\",\"url\":\"https:\/\/www.iaph.es\/patrimonioygenero\/wp-content\/uploads\/2024\/05\/1-1.png\",\"contentUrl\":\"https:\/\/www.iaph.es\/patrimonioygenero\/wp-content\/uploads\/2024\/05\/1-1.png\",\"width\":800,\"height\":800,\"caption\":\"Cap\u00edtulo 1 del Podcast titulado \\\"\"},{\"@type\":\"BreadcrumbList\",\"@id\":\"https:\/\/www.iaph.es\/patrimonioygenero\/podcast\/#breadcrumb\",\"itemListElement\":[{\"@type\":\"ListItem\",\"position\":1,\"name\":\"Portada\",\"item\":\"https:\/\/www.iaph.es\/patrimonioygenero\/\"},{\"@type\":\"ListItem\",\"position\":2,\"name\":\"Podcast\"}]},{\"@type\":\"WebSite\",\"@id\":\"https:\/\/www.iaph.es\/patrimonioygenero\/#website\",\"url\":\"https:\/\/www.iaph.es\/patrimonioygenero\/\",\"name\":\"IAPH 2024\",\"description\":\"\",\"potentialAction\":[{\"@type\":\"SearchAction\",\"target\":{\"@type\":\"EntryPoint\",\"urlTemplate\":\"https:\/\/www.iaph.es\/patrimonioygenero\/?s={search_term_string}\"},\"query-input\":{\"@type\":\"PropertyValueSpecification\",\"valueRequired\":true,\"valueName\":\"search_term_string\"}}],\"inLanguage\":\"es\"}]}<\/script>\n<!-- \/ Yoast SEO plugin. -->","yoast_head_json":{"title":"Podcast - Patrimonio y g\u00e9nero","robots":{"index":"index","follow":"follow","max-snippet":"max-snippet:-1","max-image-preview":"max-image-preview:large","max-video-preview":"max-video-preview:-1"},"canonical":"https:\/\/www.iaph.es\/patrimonioygenero\/podcast\/","og_locale":"es_ES","og_type":"article","og_title":"Podcast - Patrimonio y g\u00e9nero","og_description":"Podcast Este es uno de los lugares del proyecto donde utilizar la tecnolog\u00eda del podcasting, en favor de la difusi\u00f3n del patrimonio.\u00a0 En este caso concreto, patrimonio inmaterial con perspectiva de g\u00e9nero. El contenido del podcast es material creado y registrado en el \u00e1mbito del proyecto, y pone voz a las mujeres que prestaron su [&hellip;]","og_url":"https:\/\/www.iaph.es\/patrimonioygenero\/podcast\/","og_site_name":"Patrimonio y g\u00e9nero","article_modified_time":"2024-09-24T10:56:38+00:00","og_image":[{"url":"https:\/\/www.iaph.es\/patrimonioygenero\/wp-content\/uploads\/2024\/05\/1-1.png","type":"","width":"","height":""}],"twitter_card":"summary_large_image","twitter_misc":{"Tiempo de lectura":"1 minuto"},"schema":{"@context":"https:\/\/schema.org","@graph":[{"@type":"WebPage","@id":"https:\/\/www.iaph.es\/patrimonioygenero\/podcast\/","url":"https:\/\/www.iaph.es\/patrimonioygenero\/podcast\/","name":"Podcast - Patrimonio y g\u00e9nero","isPartOf":{"@id":"https:\/\/www.iaph.es\/patrimonioygenero\/#website"},"primaryImageOfPage":{"@id":"https:\/\/www.iaph.es\/patrimonioygenero\/podcast\/#primaryimage"},"image":{"@id":"https:\/\/www.iaph.es\/patrimonioygenero\/podcast\/#primaryimage"},"thumbnailUrl":"https:\/\/www.iaph.es\/patrimonioygenero\/wp-content\/uploads\/2024\/05\/1-1.png","datePublished":"2024-05-21T12:20:20+00:00","dateModified":"2024-09-24T10:56:38+00:00","breadcrumb":{"@id":"https:\/\/www.iaph.es\/patrimonioygenero\/podcast\/#breadcrumb"},"inLanguage":"es","potentialAction":[{"@type":"ReadAction","target":["https:\/\/www.iaph.es\/patrimonioygenero\/podcast\/"]}]},{"@type":"ImageObject","inLanguage":"es","@id":"https:\/\/www.iaph.es\/patrimonioygenero\/podcast\/#primaryimage","url":"https:\/\/www.iaph.es\/patrimonioygenero\/wp-content\/uploads\/2024\/05\/1-1.png","contentUrl":"https:\/\/www.iaph.es\/patrimonioygenero\/wp-content\/uploads\/2024\/05\/1-1.png","width":800,"height":800,"caption":"Cap\u00edtulo 1 del Podcast titulado \""},{"@type":"BreadcrumbList","@id":"https:\/\/www.iaph.es\/patrimonioygenero\/podcast\/#breadcrumb","itemListElement":[{"@type":"ListItem","position":1,"name":"Portada","item":"https:\/\/www.iaph.es\/patrimonioygenero\/"},{"@type":"ListItem","position":2,"name":"Podcast"}]},{"@type":"WebSite","@id":"https:\/\/www.iaph.es\/patrimonioygenero\/#website","url":"https:\/\/www.iaph.es\/patrimonioygenero\/","name":"IAPH 2024","description":"","potentialAction":[{"@type":"SearchAction","target":{"@type":"EntryPoint","urlTemplate":"https:\/\/www.iaph.es\/patrimonioygenero\/?s={search_term_string}"},"query-input":{"@type":"PropertyValueSpecification","valueRequired":true,"valueName":"search_term_string"}}],"inLanguage":"es"}]}},"_links":{"self":[{"href":"https:\/\/www.iaph.es\/patrimonioygenero\/wp-json\/wp\/v2\/pages\/534","targetHints":{"allow":["GET"]}}],"collection":[{"href":"https:\/\/www.iaph.es\/patrimonioygenero\/wp-json\/wp\/v2\/pages"}],"about":[{"href":"https:\/\/www.iaph.es\/patrimonioygenero\/wp-json\/wp\/v2\/types\/page"}],"author":[{"embeddable":true,"href":"https:\/\/www.iaph.es\/patrimonioygenero\/wp-json\/wp\/v2\/users\/1"}],"replies":[{"embeddable":true,"href":"https:\/\/www.iaph.es\/patrimonioygenero\/wp-json\/wp\/v2\/comments?post=534"}],"version-history":[{"count":40,"href":"https:\/\/www.iaph.es\/patrimonioygenero\/wp-json\/wp\/v2\/pages\/534\/revisions"}],"predecessor-version":[{"id":754,"href":"https:\/\/www.iaph.es\/patrimonioygenero\/wp-json\/wp\/v2\/pages\/534\/revisions\/754"}],"wp:attachment":[{"href":"https:\/\/www.iaph.es\/patrimonioygenero\/wp-json\/wp\/v2\/media?parent=534"}],"curies":[{"name":"wp","href":"https:\/\/api.w.org\/{rel}","templated":true}]}}